{"id":11006,"date":"2017-03-20T01:57:25","date_gmt":"2017-03-20T00:57:25","guid":{"rendered":"https:\/\/olivapalacios.es\/nosotros\/"},"modified":"2024-03-15T11:27:17","modified_gmt":"2024-03-15T10:27:17","slug":"nosotros","status":"publish","type":"page","link":"https:\/\/olivapalacios.es\/fr\/nosotros\/","title":{"rendered":"Nosotros"},"content":{"rendered":"<p>[vc_row css=\u00a0\u00bb.vc_custom_1532312050308{margin-top: 50px !important;margin-bottom: 40px !important;}\u00a0\u00bb][vc_column][alus_section_title title=\u00a0\u00bbOlivapalacios\u00a0\u00bb style=\u00a0\u00bbbordered-v2&Prime; title_tag=\u00a0\u00bbh1&Prime; font_size_title=\u00a0\u00bb40&Prime; font_weight_title=\u00a0\u00bb400&Prime;][vc_row_inner][vc_column_inner][vc_empty_space][vc_column_text]<\/p>\n<h2 style=\"text-align: center;\">Olivapalacios es una empresa familiar dedicada a la producci\u00f3n y envasado de aceite de oliva virgen extra de alta calidad, de variedades de aceituna Picual y Arbequina, las dos 100% cultivadas y recogidas en nuestro olivar, y procesadas en nuestra almazara, en Almagro, Ciudad Real.<\/h2>\n<p>[\/vc_column_text][\/vc_column_inner][\/vc_row_inner][\/vc_column][\/vc_row][vc_row full_width=\u00a0\u00bbstretch_row\u00a0\u00bb css=\u00a0\u00bb.vc_custom_1559908240219{margin-bottom: 60px !important;}\u00a0\u00bb][vc_column width=\u00a0\u00bb1\/2&Prime;][vc_column_text]<\/p>\n<blockquote><p>Nuestra finca <strong>Los Palacios<\/strong> ha estado inmersa en el mundo de la agricultura desde hace m\u00e1s de 30 a\u00f1os.<\/p><\/blockquote>\n<p>Nuestros olivares y almazara se encuentran situados en la regi\u00f3n de Campo de Calatrava, en la localidad de Almagro, en la provincia de Ciudad Real, considerada zona de producci\u00f3n de aceite de oliva desde tiempo inmemorial, con tierras ricas en nutrientes y clima excepcional para el cultivo del olivo.<\/p>\n<p style=\"text-align: justify;\">Decidimos ampliar nuestra explotaci\u00f3n y comenzar en 2.009 un nuevo proyecto en torno al olivo: la producci\u00f3n de Aceite de Oliva Virgen Extra (AOVE) de alta calidad, por ser un producto b\u00e1sico y clave en nuestra cultura gastron\u00f3mica espa\u00f1ola y en la dieta Mediterr\u00e1nea, y por el continuo crecimiento de la tendencia a la alimentaci\u00f3n saludable.<\/p>\n<blockquote><p><strong>Olivar de 280 hect\u00e1reas id\u00f3neo para el desarrollo de las variedades de aceituna Picual y Arbequina<\/strong><\/p><\/blockquote>\n<p style=\"text-align: justify;\">Nuestro olivar abarca 280 hect\u00e1reas sobre un suelo de origen volc\u00e1nico muy singular, id\u00f3neo para el desarrollo de las variedades de aceituna Picual y Arbequina que escogimos primeramente por ser vigorosas y adaptarse magn\u00edficamente a las exigencias del terreno, el cual aporta matices muy definidos, excepcionales, caracter\u00edsticos y \u00fanicos al aceite que producimos.<\/p>\n<blockquote>\n<p style=\"text-align: justify;\">En nuestra almazara apostamos por innovar con la m\u00e1s alta tecnolog\u00eda, sostenible y respetuosa con el medio ambiente en cada parte del proceso de producci\u00f3n.<\/p>\n<\/blockquote>\n<p style=\"text-align: justify;\">Elaboramos un AOVE pr\u00e1cticamente artesano en el que ponemos extrema atenci\u00f3n y esmero desde el cuidado del olivar y la aceituna, hasta el envasado del oro l\u00edquido resultante, priorizando la calidad sobre la maximizaci\u00f3n de la producci\u00f3n y el ahorro de costes.<\/p>\n<p>[\/vc_column_text][alus_row_divider style=\u00a0\u00bbhomeicon\u00a0\u00bb custom_height=\u00a0\u00bb35px\u00a0\u00bb extra_class=\u00a0\u00bbsection-home2&Prime;][\/vc_column][vc_column width=\u00a0\u00bb1\/2&Prime;][vc_cta h2=\u00a0\u00bbTradici\u00f3n familiar y pasi\u00f3n generacional\u00a0\u00bb txt_align=\u00a0\u00bbcenter\u00a0\u00bb color=\u00a0\u00bbblack\u00a0\u00bb][\/vc_cta][vc_single_image source=\u00a0\u00bbexternal_link\u00a0\u00bb external_img_size=\u00a0\u00bb500&#215;400&Prime; alignment=\u00a0\u00bbcenter\u00a0\u00bb custom_src=\u00a0\u00bbhttps:\/\/olivapalacios.es\/\/wp-content\/uploads\/2019\/06\/galeriapalacio-olivos-1.jpg\u00a0\u00bb][vc_cta h2=\u00a0\u00bbNos centramos en producir la excelencia\u00a0\u00bb txt_align=\u00a0\u00bbcenter\u00a0\u00bb color=\u00a0\u00bbblack\u00a0\u00bb][\/vc_cta][\/vc_column][\/vc_row][vc_row][vc_column width=\u00a0\u00bb1\/2&Prime;][vc_cta h2=\u00a0\u00bbPasi\u00f3n, dedicaci\u00f3n y reconocimiento\u00a0\u00bb txt_align=\u00a0\u00bbcenter\u00a0\u00bb color=\u00a0\u00bbblack\u00a0\u00bb][\/vc_cta][vc_single_image source=\u00a0\u00bbexternal_link\u00a0\u00bb external_img_size=\u00a0\u00bb250&#215;250&Prime; alignment=\u00a0\u00bbcenter\u00a0\u00bb custom_src=\u00a0\u00bbhttps:\/\/olivapalacios.es\/\/wp-content\/uploads\/2019\/03\/logo-SIQEV-300&#215;300.jpg\u00a0\u00bb][vc_empty_space height=\u00a0\u00bb96px\u00a0\u00bb][alus_row_divider style=\u00a0\u00bbhomeicon\u00a0\u00bb custom_height=\u00a0\u00bb35px\u00a0\u00bb extra_class=\u00a0\u00bbsection-home2&Prime;][vc_column_text]El resultado de nuestra absoluta dedicaci\u00f3n al olivar es el posicionamiento y la consolidaci\u00f3n de nuestro AOVE, marca Palacio de los Olivos, y de nuestra empresa, Olivapalacios, como referente en el sector del aceite de oliva gracias:<\/p>\n<ul>\n<li>Al cumplimiento de nuestros objetivos de exigencia de calidad de materia prima, la aceituna;<\/li>\n<li>A la experiencia que hemos adquirido estos a\u00f1os en los procesos de elaboraci\u00f3n de puro zumo de aceituna;<\/li>\n<\/ul>\n<p style=\"text-align: justify;\">Y a la constancia en nuestros esfuerzos, la homogeneidad en nuestras producciones y la profesionalidad que hemos demostrado a nuestros clientes hasta hoy d\u00eda: atenci\u00f3n dedicada.<\/p>\n<p>[\/vc_column_text][\/vc_column][vc_column width=\u00a0\u00bb1\/2&Prime;][vc_column_text]<\/p>\n<blockquote>\n<p style=\"text-align: left;\"><b>N\u00ba1 en el ranking mundial de aceite de oliva EVOO <\/b><b>World<\/b><b> Ranking, en variedad Picual<\/b><\/p>\n<p><strong>Campa\u00f1as 2016-17; 2017-18; \u00a02018-19; \u00a02019-20; 2020-21<\/strong><\/p>\n<p style=\"text-align: left;\"><b>N\u00ba1 en el ranking mundial de aceite de oliva EVOO <\/b><b>World<\/b><b> Ranking, en variedad Arbequina<\/b><\/p>\n<p><strong>Campa\u00f1a 2020-21\u00a0<\/strong><\/p><\/blockquote>\n<p style=\"text-align: justify;\">Tanto esfuerzo se ha visto gratamente recompensado al ser nombrados, por quinto a\u00f1o consecutivo, como el N\u00ba1 en el ranking mundial de aceite de oliva EVOO World Ranking en variedad de aceituna Picual, la m\u00e1s extendida en el mundo, y lo hemos conseguido gracias a la obtenci\u00f3n anual de m\u00e1s de veinticinco premios internacionales de gran prestigio, cada uno de estos a\u00f1os.<\/p>\n<p style=\"text-align: justify;\">Adem\u00e1s, formamos parte de la Asociaci\u00f3n QvExtra Internacional, que integra a los principales y mejores productores de aceite de oliva espa\u00f1ol, y que exige el cumplimiento \u00edntegro de requisitos muy estrictos sobre procesos, protocolos y est\u00e1ndares de producci\u00f3n de aceite de oliva virgen extra de muy alta calidad.<\/p>\n<blockquote>\n<p style=\"text-align: left;\"><strong>Formamos parte de la Asociaci\u00f3n QvExtra Internacional<\/strong><\/p>\n<\/blockquote>\n<p>[\/vc_column_text][vc_empty_space][vc_cta h2=\u00a0\u00bbTierras calatravas\u00a0\u00bb txt_align=\u00a0\u00bbcenter\u00a0\u00bb color=\u00a0\u00bbblack\u00a0\u00bb][\/vc_cta][vc_single_image source=\u00a0\u00bbexternal_link\u00a0\u00bb external_img_size=\u00a0\u00bb500&#215;400&Prime; alignment=\u00a0\u00bbcenter\u00a0\u00bb custom_src=\u00a0\u00bbhttps:\/\/olivapalacios.es\/\/wp-content\/uploads\/2019\/06\/olivar_palacio-de-los-olivos-1.jpg\u00a0\u00bb][\/vc_column][\/vc_row][vc_row][vc_column width=\u00a0\u00bb1\/6&Prime;][\/vc_column][vc_column width=\u00a0\u00bb5\/6&Prime;][vc_column_text][\/vc_column_text][\/vc_column][\/vc_row]<\/p>\n","protected":false},"excerpt":{"rendered":"<p>[vc_row css=\u00a0\u00bb.vc_custom_1532312050308{margin-top: 50px !important;margin-bottom: 40px !important;}\u00a0\u00bb][vc_column][alus_section_title title=\u00a0\u00bbOlivapalacios\u00a0\u00bb style=\u00a0\u00bbbordered-v2&Prime; title_tag=\u00a0\u00bbh1&Prime; font_size_title=\u00a0\u00bb40&Prime; font_weight_title=\u00a0\u00bb400&Prime;][vc_row_inner][vc_column_inner][vc_empty_space][vc_column_text] Olivapalacios es una empresa familiar dedicada a la producci\u00f3n y envasado de aceite de oliva virgen extra de alta calidad, de variedades de aceituna Picual y Arbequina, las dos 100% cultivadas y recogidas en nuestro olivar, y procesadas en nuestra almazara, en Almagro, Ciudad [&hellip;]<\/p>\n","protected":false},"author":2,"featured_media":0,"parent":0,"menu_order":0,"comment_status":"closed","ping_status":"closed","template":"","meta":{"_et_pb_use_builder":"","_et_pb_old_content":"","_et_gb_content_width":"","footnotes":""},"class_list":["post-11006","page","type-page","status-publish","hentry"],"yoast_head":"<!-- This site is optimized with the Yoast SEO plugin v27.4 - https:\/\/yoast.com\/product\/yoast-seo-wordpress\/ -->\n<title>Nosotros - Olivapalacios<\/title>\n<meta name=\"robots\" content=\"index, follow, max-snippet:-1, max-image-preview:large, max-video-preview:-1\" \/>\n<link rel=\"canonical\" href=\"https:\/\/olivapalacios.es\/fr\/nosotros\/\" \/>\n<meta property=\"og:locale\" content=\"fr_FR\" \/>\n<meta property=\"og:type\" content=\"article\" \/>\n<meta property=\"og:title\" content=\"Nosotros - Olivapalacios\" \/>\n<meta property=\"og:description\" content=\"[vc_row css=\u00a0\u00bb.vc_custom_1532312050308{margin-top: 50px !important;margin-bottom: 40px !important;}\u00a0\u00bb][vc_column][alus_section_title title=\u00a0\u00bbOlivapalacios\u00a0\u00bb style=\u00a0\u00bbbordered-v2&Prime; title_tag=\u00a0\u00bbh1&Prime; font_size_title=\u00a0\u00bb40&Prime; font_weight_title=\u00a0\u00bb400&Prime;][vc_row_inner][vc_column_inner][vc_empty_space][vc_column_text] Olivapalacios es una empresa familiar dedicada a la producci\u00f3n y envasado de aceite de oliva virgen extra de alta calidad, de variedades de aceituna Picual y Arbequina, las dos 100% cultivadas y recogidas en nuestro olivar, y procesadas en nuestra almazara, en Almagro, Ciudad [&hellip;]\" \/>\n<meta property=\"og:url\" content=\"https:\/\/olivapalacios.es\/fr\/nosotros\/\" \/>\n<meta property=\"og:site_name\" content=\"Olivapalacios\" \/>\n<meta property=\"article:publisher\" content=\"https:\/\/www.facebook.com\/Palaciodelosolivos\/\" \/>\n<meta property=\"article:modified_time\" content=\"2024-03-15T10:27:17+00:00\" \/>\n<meta name=\"twitter:card\" content=\"summary_large_image\" \/>\n<meta name=\"twitter:site\" content=\"@olivapalacios\" \/>\n<meta name=\"twitter:label1\" content=\"Dur\u00e9e de lecture estim\u00e9e\" \/>\n\t<meta name=\"twitter:data1\" content=\"4 minutes\" \/>\n<script type=\"application\/ld+json\" class=\"yoast-schema-graph\">{\"@context\":\"https:\\\/\\\/schema.org\",\"@graph\":[{\"@type\":\"WebPage\",\"@id\":\"https:\\\/\\\/olivapalacios.es\\\/fr\\\/nosotros\\\/\",\"url\":\"https:\\\/\\\/olivapalacios.es\\\/fr\\\/nosotros\\\/\",\"name\":\"Nosotros - Olivapalacios\",\"isPartOf\":{\"@id\":\"https:\\\/\\\/olivapalacios.es\\\/#website\"},\"datePublished\":\"2017-03-20T00:57:25+00:00\",\"dateModified\":\"2024-03-15T10:27:17+00:00\",\"breadcrumb\":{\"@id\":\"https:\\\/\\\/olivapalacios.es\\\/fr\\\/nosotros\\\/#breadcrumb\"},\"inLanguage\":\"fr-FR\",\"potentialAction\":[{\"@type\":\"ReadAction\",\"target\":[\"https:\\\/\\\/olivapalacios.es\\\/fr\\\/nosotros\\\/\"]}]},{\"@type\":\"BreadcrumbList\",\"@id\":\"https:\\\/\\\/olivapalacios.es\\\/fr\\\/nosotros\\\/#breadcrumb\",\"itemListElement\":[{\"@type\":\"ListItem\",\"position\":1,\"name\":\"Portada\",\"item\":\"https:\\\/\\\/olivapalacios.es\\\/fr\\\/\"},{\"@type\":\"ListItem\",\"position\":2,\"name\":\"Nosotros\"}]},{\"@type\":\"WebSite\",\"@id\":\"https:\\\/\\\/olivapalacios.es\\\/#website\",\"url\":\"https:\\\/\\\/olivapalacios.es\\\/\",\"name\":\"Olivapalacios\",\"description\":\"Palacio de Los Olivos, Aceite de Oliva Virgen Extra\",\"publisher\":{\"@id\":\"https:\\\/\\\/olivapalacios.es\\\/#organization\"},\"potentialAction\":[{\"@type\":\"SearchAction\",\"target\":{\"@type\":\"EntryPoint\",\"urlTemplate\":\"https:\\\/\\\/olivapalacios.es\\\/?s={search_term_string}\"},\"query-input\":{\"@type\":\"PropertyValueSpecification\",\"valueRequired\":true,\"valueName\":\"search_term_string\"}}],\"inLanguage\":\"fr-FR\"},{\"@type\":\"Organization\",\"@id\":\"https:\\\/\\\/olivapalacios.es\\\/#organization\",\"name\":\"Olivapalacios\",\"url\":\"https:\\\/\\\/olivapalacios.es\\\/\",\"logo\":{\"@type\":\"ImageObject\",\"inLanguage\":\"fr-FR\",\"@id\":\"https:\\\/\\\/olivapalacios.es\\\/#\\\/schema\\\/logo\\\/image\\\/\",\"url\":\"https:\\\/\\\/olivapalacios.es\\\/wp-content\\\/uploads\\\/2018\\\/06\\\/Logo_150-2.jpg\",\"contentUrl\":\"https:\\\/\\\/olivapalacios.es\\\/wp-content\\\/uploads\\\/2018\\\/06\\\/Logo_150-2.jpg\",\"width\":150,\"height\":143,\"caption\":\"Olivapalacios\"},\"image\":{\"@id\":\"https:\\\/\\\/olivapalacios.es\\\/#\\\/schema\\\/logo\\\/image\\\/\"},\"sameAs\":[\"https:\\\/\\\/www.facebook.com\\\/Palaciodelosolivos\\\/\",\"https:\\\/\\\/x.com\\\/olivapalacios\",\"https:\\\/\\\/www.instagram.com\\\/palaciodelosolivos\\\/\"]}]}<\/script>\n<!-- \/ Yoast SEO plugin. -->","yoast_head_json":{"title":"Nosotros - Olivapalacios","robots":{"index":"index","follow":"follow","max-snippet":"max-snippet:-1","max-image-preview":"max-image-preview:large","max-video-preview":"max-video-preview:-1"},"canonical":"https:\/\/olivapalacios.es\/fr\/nosotros\/","og_locale":"fr_FR","og_type":"article","og_title":"Nosotros - Olivapalacios","og_description":"[vc_row css=\u00a0\u00bb.vc_custom_1532312050308{margin-top: 50px !important;margin-bottom: 40px !important;}\u00a0\u00bb][vc_column][alus_section_title title=\u00a0\u00bbOlivapalacios\u00a0\u00bb style=\u00a0\u00bbbordered-v2&Prime; title_tag=\u00a0\u00bbh1&Prime; font_size_title=\u00a0\u00bb40&Prime; font_weight_title=\u00a0\u00bb400&Prime;][vc_row_inner][vc_column_inner][vc_empty_space][vc_column_text] Olivapalacios es una empresa familiar dedicada a la producci\u00f3n y envasado de aceite de oliva virgen extra de alta calidad, de variedades de aceituna Picual y Arbequina, las dos 100% cultivadas y recogidas en nuestro olivar, y procesadas en nuestra almazara, en Almagro, Ciudad [&hellip;]","og_url":"https:\/\/olivapalacios.es\/fr\/nosotros\/","og_site_name":"Olivapalacios","article_publisher":"https:\/\/www.facebook.com\/Palaciodelosolivos\/","article_modified_time":"2024-03-15T10:27:17+00:00","twitter_card":"summary_large_image","twitter_site":"@olivapalacios","twitter_misc":{"Dur\u00e9e de lecture estim\u00e9e":"4 minutes"},"schema":{"@context":"https:\/\/schema.org","@graph":[{"@type":"WebPage","@id":"https:\/\/olivapalacios.es\/fr\/nosotros\/","url":"https:\/\/olivapalacios.es\/fr\/nosotros\/","name":"Nosotros - Olivapalacios","isPartOf":{"@id":"https:\/\/olivapalacios.es\/#website"},"datePublished":"2017-03-20T00:57:25+00:00","dateModified":"2024-03-15T10:27:17+00:00","breadcrumb":{"@id":"https:\/\/olivapalacios.es\/fr\/nosotros\/#breadcrumb"},"inLanguage":"fr-FR","potentialAction":[{"@type":"ReadAction","target":["https:\/\/olivapalacios.es\/fr\/nosotros\/"]}]},{"@type":"BreadcrumbList","@id":"https:\/\/olivapalacios.es\/fr\/nosotros\/#breadcrumb","itemListElement":[{"@type":"ListItem","position":1,"name":"Portada","item":"https:\/\/olivapalacios.es\/fr\/"},{"@type":"ListItem","position":2,"name":"Nosotros"}]},{"@type":"WebSite","@id":"https:\/\/olivapalacios.es\/#website","url":"https:\/\/olivapalacios.es\/","name":"Olivapalacios","description":"Palacio de Los Olivos, Aceite de Oliva Virgen Extra","publisher":{"@id":"https:\/\/olivapalacios.es\/#organization"},"potentialAction":[{"@type":"SearchAction","target":{"@type":"EntryPoint","urlTemplate":"https:\/\/olivapalacios.es\/?s={search_term_string}"},"query-input":{"@type":"PropertyValueSpecification","valueRequired":true,"valueName":"search_term_string"}}],"inLanguage":"fr-FR"},{"@type":"Organization","@id":"https:\/\/olivapalacios.es\/#organization","name":"Olivapalacios","url":"https:\/\/olivapalacios.es\/","logo":{"@type":"ImageObject","inLanguage":"fr-FR","@id":"https:\/\/olivapalacios.es\/#\/schema\/logo\/image\/","url":"https:\/\/olivapalacios.es\/wp-content\/uploads\/2018\/06\/Logo_150-2.jpg","contentUrl":"https:\/\/olivapalacios.es\/wp-content\/uploads\/2018\/06\/Logo_150-2.jpg","width":150,"height":143,"caption":"Olivapalacios"},"image":{"@id":"https:\/\/olivapalacios.es\/#\/schema\/logo\/image\/"},"sameAs":["https:\/\/www.facebook.com\/Palaciodelosolivos\/","https:\/\/x.com\/olivapalacios","https:\/\/www.instagram.com\/palaciodelosolivos\/"]}]}},"_links":{"self":[{"href":"https:\/\/olivapalacios.es\/fr\/wp-json\/wp\/v2\/pages\/11006","targetHints":{"allow":["GET"]}}],"collection":[{"href":"https:\/\/olivapalacios.es\/fr\/wp-json\/wp\/v2\/pages"}],"about":[{"href":"https:\/\/olivapalacios.es\/fr\/wp-json\/wp\/v2\/types\/page"}],"author":[{"embeddable":true,"href":"https:\/\/olivapalacios.es\/fr\/wp-json\/wp\/v2\/users\/2"}],"replies":[{"embeddable":true,"href":"https:\/\/olivapalacios.es\/fr\/wp-json\/wp\/v2\/comments?post=11006"}],"version-history":[{"count":0,"href":"https:\/\/olivapalacios.es\/fr\/wp-json\/wp\/v2\/pages\/11006\/revisions"}],"wp:attachment":[{"href":"https:\/\/olivapalacios.es\/fr\/wp-json\/wp\/v2\/media?parent=11006"}],"curies":[{"name":"wp","href":"https:\/\/api.w.org\/{rel}","templated":true}]}}