{"id":10136,"date":"2024-03-13T13:52:03","date_gmt":"2024-03-13T12:52:03","guid":{"rendered":"https:\/\/olivapalacios.es\/?page_id=10136"},"modified":"2024-03-13T13:52:03","modified_gmt":"2024-03-13T12:52:03","slug":"palacio-de-los-olivos","status":"publish","type":"page","link":"https:\/\/olivapalacios.es\/fr\/palacio-de-los-olivos\/","title":{"rendered":"Palacio de los Olivos"},"content":{"rendered":"<p>[et_pb_section fb_built=\u00a0\u00bb1&Prime; fullwidth=\u00a0\u00bbon\u00a0\u00bb _builder_version=\u00a0\u00bb4.16&Prime; _module_preset=\u00a0\u00bbdefault\u00a0\u00bb hover_transition_duration=\u00a0\u00bb550ms\u00a0\u00bb global_colors_info=\u00a0\u00bb{}\u00a0\u00bb][et_pb_fullwidth_slider _builder_version=\u00a0\u00bb4.24.0&Prime; _module_preset=\u00a0\u00bbdefault\u00a0\u00bb background_image=\u00a0\u00bbhttps:\/\/olivapalacios.es\/wp-content\/uploads\/2024\/02\/Sello-Premio-Alimentos-de-Espana-2020-Picual.png\u00a0\u00bb background_size=\u00a0\u00bbcustom\u00a0\u00bb background_position=\u00a0\u00bbtop_right\u00a0\u00bb height=\u00a0\u00bb571px\u00a0\u00bb height_tablet=\u00a0\u00bb384px\u00a0\u00bb height_phone=\u00a0\u00bb412px\u00a0\u00bb height_last_edited=\u00a0\u00bbon|desktop\u00a0\u00bb max_height=\u00a0\u00bb1000px\u00a0\u00bb custom_margin=\u00a0\u00bb2px||-22px||false|false\u00a0\u00bb custom_padding=\u00a0\u00bb32px||17px||false|false\u00a0\u00bb auto=\u00a0\u00bbon\u00a0\u00bb auto_speed=\u00a0\u00bb6000&Prime; hover_enabled=\u00a0\u00bb0&Prime; header_font_size_tablet=\u00a0\u00bb36px\u00a0\u00bb header_font_size_phone=\u00a0\u00bb26px\u00a0\u00bb header_font_size_last_edited=\u00a0\u00bbon|tablet\u00a0\u00bb global_colors_info=\u00a0\u00bb{}\u00a0\u00bb sticky_enabled=\u00a0\u00bb0&Prime;][et_pb_slide heading=\u00a0\u00bbHUILE D&rsquo;OLIVE EXTRA VIERGE\u00a0\u00bb button_text=\u00a0\u00bbACHETER\u00a0\u00bb button_link=\u00a0\u00bbhttps:\/\/olivapalacios.es\/productos\/\u00a0\u00bb alignment=\u00a0\u00bbbottom\u00a0\u00bb _builder_version=\u00a0\u00bb4.24.0&Prime; _module_preset=\u00a0\u00bbdefault\u00a0\u00bb header_level=\u00a0\u00bbh2&Prime; background_image=\u00a0\u00bbhttps:\/\/olivapalacios.es\/wp-content\/uploads\/2020\/09\/Magnum-Pasta-Sin-tapon-Olivapalacios-scaled.jpg\u00a0\u00bb background_enable_image=\u00a0\u00bbon\u00a0\u00bb parallax=\u00a0\u00bbon\u00a0\u00bb custom_padding=\u00a0\u00bb0px||||false|false\u00a0\u00bb hover_enabled=\u00a0\u00bb0&Prime; border_radii_image=\u00a0\u00bboff|21px|21px|21px|21px\u00a0\u00bb global_colors_info=\u00a0\u00bb{}\u00a0\u00bb sticky_transition=\u00a0\u00bbon\u00a0\u00bb sticky_enabled=\u00a0\u00bb0&Prime;]<\/p>\n<h3 style=\"text-align: center;\"><img loading=\"lazy\" decoding=\"async\" class=\"wp-image-8973 alignnone size-full\" src=\"https:\/\/olivapalacios.es\/wp-content\/uploads\/2024\/02\/Premio-Alimentos-de-Espana-2020-Picual.png\" alt=\"Premio alimentos de Espa\u00f1a\" width=\"135\" height=\"150\" \/><\/h3>\n<h3 style=\"text-align: center;\">Classement Mondial N\u00b01<\/h3>\n<h3 style=\"text-align: center;\">pendant 7 ann\u00e9es cons\u00e9cutives<\/h3>\n<h3 style=\"text-align: center;\">(Vari\u00e9t\u00e9 Picual)<\/h3>\n<p>[\/et_pb_slide][et_pb_slide heading=\u00a0\u00bbProduction familiale\u00a0\u00bb button_link=\u00a0\u00bbhttps:\/\/olivapalacios.es\/#nosotros\u00a0\u00bb _builder_version=\u00a0\u00bb4.24.0&Prime; _module_preset=\u00a0\u00bbdefault\u00a0\u00bb background_enable_color=\u00a0\u00bboff\u00a0\u00bb background_image=\u00a0\u00bbhttps:\/\/olivapalacios.es\/wp-content\/uploads\/2021\/05\/Almazara-y-olivar-panoramica-scaled.jpg\u00a0\u00bb background_enable_image=\u00a0\u00bbon\u00a0\u00bb parallax=\u00a0\u00bbon\u00a0\u00bb hover_enabled=\u00a0\u00bb0&Prime; global_colors_info=\u00a0\u00bb{}\u00a0\u00bb sticky_transition=\u00a0\u00bbon\u00a0\u00bb sticky_enabled=\u00a0\u00bb0&Prime;]<\/p>\n<h3>Dans notre ferme\u00a0Los Palacios<\/h3>\n<h3>Almagro, Ciudad Real<\/h3>\n<p><img loading=\"lazy\" decoding=\"async\" class=\"alignnone wp-image-9408 size-large\" src=\"https:\/\/olivapalacios.es\/wp-content\/uploads\/2024\/03\/Todos-los-premios-2024-1-1024x224-1.png\" alt=\"premios\" width=\"1024\" height=\"224\" \/><\/p>\n<p>&nbsp;<\/p>\n<p>[\/et_pb_slide][et_pb_slide heading=\u00a0\u00bbRecolecci\u00f3n Temprana\u00a0\u00bb button_link=\u00a0\u00bbhttps:\/\/olivapalacios.es\/olivar-y-almazara\/#almazara\u00a0\u00bb _builder_version=\u00a0\u00bb4.16&Prime; _module_preset=\u00a0\u00bbdefault\u00a0\u00bb background_enable_color=\u00a0\u00bboff\u00a0\u00bb background_image=\u00a0\u00bbhttps:\/\/olivapalacios.es\/wp-content\/uploads\/2018\/06\/olivos-ramillete-aceitunasverdes.jpg\u00a0\u00bb background_enable_image=\u00a0\u00bbon\u00a0\u00bb parallax=\u00a0\u00bbon\u00a0\u00bb global_colors_info=\u00a0\u00bb{}\u00a0\u00bb sticky_transition=\u00a0\u00bbon\u00a0\u00bb]<\/p>\n<h3>Producci\u00f3n Propia<\/h3>\n<h3>Olivar sostenible y respetuoso con el medio ambiente<\/h3>\n<p>[\/et_pb_slide][\/et_pb_fullwidth_slider][\/et_pb_section][et_pb_section fb_built=\u00a0\u00bb1&Prime; module_id=\u00a0\u00bbnosotros\u00a0\u00bb _builder_version=\u00a0\u00bb4.24.0&Prime; _module_preset=\u00a0\u00bbdefault\u00a0\u00bb background_color=\u00a0\u00bb#FFFFFF\u00a0\u00bb min_height=\u00a0\u00bb591.8px\u00a0\u00bb custom_margin=\u00a0\u00bb||170px||false|false\u00a0\u00bb custom_padding=\u00a0\u00bb|5px|0px|0px||\u00a0\u00bb hover_enabled=\u00a0\u00bb0&Prime; collapsed=\u00a0\u00bbon\u00a0\u00bb global_colors_info=\u00a0\u00bb{}\u00a0\u00bb sticky_enabled=\u00a0\u00bb0&Prime;][et_pb_row column_structure=\u00a0\u00bb1_3,2_3&Prime; _builder_version=\u00a0\u00bb4.24.0&Prime; _module_preset=\u00a0\u00bbdefault\u00a0\u00bb width=\u00a0\u00bb90%\u00a0\u00bb max_width=\u00a0\u00bb100%\u00a0\u00bb min_height=\u00a0\u00bb661.9px\u00a0\u00bb custom_margin=\u00a0\u00bb0px|auto|-57px|auto|false|false\u00a0\u00bb global_colors_info=\u00a0\u00bb{}\u00a0\u00bb][et_pb_column type=\u00a0\u00bb1_3&Prime; _builder_version=\u00a0\u00bb4.20.0&Prime; _module_preset=\u00a0\u00bbdefault\u00a0\u00bb global_colors_info=\u00a0\u00bb{}\u00a0\u00bb][et_pb_image src=\u00a0\u00bbhttps:\/\/olivapalacios.es\/wp-content\/uploads\/2024\/02\/estuche-Picual.jpg\u00a0\u00bb alt=\u00a0\u00bbEstuche picual\u00a0\u00bb title_text=\u00a0\u00bbestuche Picual\u00a0\u00bb align=\u00a0\u00bbcenter\u00a0\u00bb _builder_version=\u00a0\u00bb4.24.0&Prime; _module_preset=\u00a0\u00bbdefault\u00a0\u00bb custom_margin=\u00a0\u00bb-8px||-80px|0px|false|false\u00a0\u00bb custom_padding=\u00a0\u00bb0px||||false|false\u00a0\u00bb animation_style=\u00a0\u00bbfade\u00a0\u00bb animation_starting_opacity=\u00a0\u00bb50%\u00a0\u00bb global_colors_info=\u00a0\u00bb{}\u00a0\u00bb][\/et_pb_image][\/et_pb_column][et_pb_column type=\u00a0\u00bb2_3&Prime; _builder_version=\u00a0\u00bb4.20.0&Prime; _module_preset=\u00a0\u00bbdefault\u00a0\u00bb global_colors_info=\u00a0\u00bb{}\u00a0\u00bb][et_pb_cta title=\u00a0\u00bbEmpresa familiar\u00a0\u00bb button_text=\u00a0\u00bbClics\u00a0\u00bb admin_label=\u00a0\u00bbLlamada a la acci\u00f3n\u00a0\u00bb _builder_version=\u00a0\u00bb4.24.0&Prime; _module_preset=\u00a0\u00bbdefault\u00a0\u00bb header_font=\u00a0\u00bbQwitcher Grypen||||||||\u00a0\u00bb header_text_color=\u00a0\u00bb#d86800&Prime; header_font_size=\u00a0\u00bb82px\u00a0\u00bb body_font=\u00a0\u00bbActor||||||||\u00a0\u00bb body_text_align=\u00a0\u00bbcenter\u00a0\u00bb use_background_color=\u00a0\u00bboff\u00a0\u00bb background_layout=\u00a0\u00bblight\u00a0\u00bb width=\u00a0\u00bb90%\u00a0\u00bb max_width=\u00a0\u00bb80%\u00a0\u00bb module_alignment=\u00a0\u00bbcenter\u00a0\u00bb custom_margin=\u00a0\u00bb-65px||||false|false\u00a0\u00bb custom_padding=\u00a0\u00bb0px||||false|false\u00a0\u00bb animation_style=\u00a0\u00bbslide\u00a0\u00bb animation_direction=\u00a0\u00bbright\u00a0\u00bb animation_duration=\u00a0\u00bb1500ms\u00a0\u00bb animation_intensity_slide=\u00a0\u00bb10%\u00a0\u00bb global_colors_info=\u00a0\u00bb{}\u00a0\u00bb]<\/p>\n<p style=\"text-align: left;\"><strong>Olivapalacios, S.L.<\/strong> es una<strong> empresa familiar<\/strong> dedicada a la producci\u00f3n y envasado de <strong>Aceite de Oliva Virgen Extra (AOVE)<\/strong> de alta calidad.<\/p>\n<p style=\"text-align: left;\">Nuestros olivares y almazara se encuentran situados en la regi\u00f3n de<strong> Campo de Calatrava<\/strong>, en Almagro, en la provincia de <strong>Ciudad Real<\/strong>, Espa\u00f1a, considerada zona de producci\u00f3n de aceite de oliva desde tiempo inmemorial, sobre <strong>tierras de origen volc\u00e1nico<\/strong> muy ricas en nutrientes y con clima excepcional para el cultivo del olivo.<\/p>\n<p style=\"text-align: left;\">Las dos variedades de aceituna, <strong>Picual, Arbosana y Arbequina<\/strong>, son cultivadas y recogidas en nuestro olivar de casi <strong>300 hect\u00e1reas<\/strong>, y procesadas en nuestra almazara.<\/p>\n<p style=\"text-align: left;\">Desde 2.009 innovamos con la m\u00e1s <strong>alta tecnolog\u00eda<\/strong>, <strong>sostenible y respetuosa con el medio ambiente<\/strong> en cada parte del proceso de producci\u00f3n. Y elaboramos un AOVE pr\u00e1cticamente artesano desde el cuidado del olivar y la aceituna hasta el envasado del oro l\u00edquido resultante, tan saludable en la dieta mediterr\u00e1nea.<\/p>\n<p><img loading=\"lazy\" decoding=\"async\" class=\"wp-image-4186 alignnone size-full\" style=\"display: block; margin-left: auto; margin-right: auto;\" src=\"https:\/\/olivapalacios.es\/wp-content\/uploads\/2018\/06\/arboles.png\" alt=\"\" width=\"225\" height=\"80\" \/><\/p>\n<p>[\/et_pb_cta][\/et_pb_column][\/et_pb_row][\/et_pb_section][et_pb_section fb_built=\u00a0\u00bb1&Prime; _builder_version=\u00a0\u00bb4.20.0&Prime; _module_preset=\u00a0\u00bbdefault\u00a0\u00bb background_image=\u00a0\u00bbhttps:\/\/olivapalacios.es\/wp-content\/uploads\/2021\/05\/Almazara-y-olivar-panoramica-scaled.jpg\u00a0\u00bb parallax=\u00a0\u00bbon\u00a0\u00bb min_height=\u00a0\u00bb611.9px\u00a0\u00bb custom_margin=\u00a0\u00bb-154px||-61px|||\u00a0\u00bb custom_padding=\u00a0\u00bb45px|||||\u00a0\u00bb collapsed=\u00a0\u00bboff\u00a0\u00bb global_colors_info=\u00a0\u00bb{}\u00a0\u00bb][et_pb_row column_structure=\u00a0\u00bb1_2,1_2&Prime; _builder_version=\u00a0\u00bb4.20.0&Prime; _module_preset=\u00a0\u00bbdefault\u00a0\u00bb global_colors_info=\u00a0\u00bb{}\u00a0\u00bb][et_pb_column type=\u00a0\u00bb1_2&Prime; _builder_version=\u00a0\u00bb4.20.0&Prime; _module_preset=\u00a0\u00bbdefault\u00a0\u00bb global_colors_info=\u00a0\u00bb{}\u00a0\u00bb][et_pb_blurb title=\u00a0\u00bbNotre oliveraie et notre moulin \u00e0 huile\u00a0\u00bb url=\u00a0\u00bbhttps:\/\/olivapalacios.es\/olivar-y-almazara\/\u00a0\u00bb admin_label=\u00a0\u00bbAnuncio\u00a0\u00bb _builder_version=\u00a0\u00bb4.24.0&Prime; _module_preset=\u00a0\u00bbdefault\u00a0\u00bb header_font=\u00a0\u00bbQwitcher Grypen||||||||\u00a0\u00bb header_text_color=\u00a0\u00bb#FFFFFF\u00a0\u00bb header_font_size=\u00a0\u00bb64px\u00a0\u00bb background_layout=\u00a0\u00bbdark\u00a0\u00bb link_option_url=\u00a0\u00bbhttps:\/\/olivapalacios.es\/olivar-y-almazara\/\u00a0\u00bb hover_enabled=\u00a0\u00bb0&Prime; header_text_shadow_style=\u00a0\u00bbpreset3&Prime; text_shadow_style=\u00a0\u00bbpreset3&Prime; text_shadow_vertical_length=\u00a0\u00bb0.1em\u00a0\u00bb text_shadow_color=\u00a0\u00bb#000000&Prime; global_colors_info=\u00a0\u00bb{}\u00a0\u00bb sticky_enabled=\u00a0\u00bb0&Prime;]<\/p>\n<div class=\"react-scroll-to-bottom--css-bnkgg-1n7m0yu\">\n<div class=\"flex flex-col text-sm pb-9\">\n<div class=\"w-full text-token-text-primary sm:AIPRM__conversation__response\" data-testid=\"conversation-turn-19\">\n<div class=\"px-4 py-2 justify-center text-base md:gap-6 m-auto\">\n<div class=\"flex flex-1 text-base mx-auto gap-3 md:px-5 lg:px-1 xl:px-5 md:max-w-3xl lg:max-w-[40rem] xl:max-w-[48rem] group final-completion\">\n<div class=\"relative flex w-full flex-col agent-turn\">\n<div class=\"flex-col gap-1 md:gap-3\">\n<div class=\"flex flex-grow flex-col max-w-full\">\n<div class=\"min-h-[20px] text-message flex flex-col items-start gap-3 whitespace-pre-wrap break-words [.text-message+&amp;]:mt-5 overflow-x-auto\" data-message-author-role=\"assistant\" data-message-id=\"673a1aaa-81f7-408c-98af-e6fb912dc2e1\">\n<div class=\"markdown prose w-full break-words dark:prose-invert light AIPRM__conversation__response\">\n<p><strong>OlivaPalacios<\/strong> est synonyme de production propre dans nos oliveraies cultiv\u00e9es de mani\u00e8re conventionnelle, durable et respectueuse de l&rsquo;environnement, et de fabrication naturelle d&rsquo;huile d&rsquo;olive extra vierge gr\u00e2ce \u00e0 des processus m\u00e9caniques anti-oxydatifs et \u00e0 l&rsquo;extraction \u00e0 froid dans notre moulin \u00e0 <strong>huile<\/strong>.<\/p>\n<\/div>\n<\/div>\n<\/div>\n<div class=\"mt-1 flex justify-start gap-3 empty:hidden\">\n<div class=\"text-gray-400 flex self-end lg:self-center items-center justify-center lg:justify-start mt-0 -ml-1 h-7 gap-[2px] visible\">\n<p>&nbsp;<\/p>\n<div class=\"flex items-center gap-1.5 text-xs\"><\/div>\n<div class=\"flex\"><\/div>\n<\/div>\n<\/div>\n<div class=\"pr-2 lg:pr-0\"><\/div>\n<\/div>\n<\/div>\n<\/div>\n<\/div>\n<\/div>\n<\/div>\n<\/div>\n<div id=\"AIPRM__sidebar-icon\" class=\"AIPRM__p-2 AIPRM__top-12 md:AIPRM__top-2 AIPRM__p-2 AIPRM__items-center AIPRM__transition-colors AIPRM__duration-200 AIPRM__cursor-pointer AIPRM__text-sm AIPRM__rounded-md AIPRM__border AIPRM__bg-white dark:AIPRM__bg-gray-900 AIPRM__border-black\/10 dark:AIPRM__border-white\/20 hover:AIPRM__bg-gray-50 dark:hover:AIPRM__bg-gray-850 AIPRM__cursor-pointer AIPRM__fixed AIPRM__right-4 AIPRM__z-30\" title=\"Open AIPRM sidebar\"><\/div>\n<p>[\/et_pb_blurb][\/et_pb_column][et_pb_column type=\u00a0\u00bb1_2&Prime; _builder_version=\u00a0\u00bb4.20.0&Prime; _module_preset=\u00a0\u00bbdefault\u00a0\u00bb global_colors_info=\u00a0\u00bb{}\u00a0\u00bb][\/et_pb_column][\/et_pb_row][\/et_pb_section][et_pb_section fb_built=\u00a0\u00bb1&Prime; module_id=\u00a0\u00bbnosotros\u00a0\u00bb _builder_version=\u00a0\u00bb4.20.0&Prime; _module_preset=\u00a0\u00bbdefault\u00a0\u00bb background_color=\u00a0\u00bb#FFFFFF\u00a0\u00bb custom_margin=\u00a0\u00bb||-3px|||\u00a0\u00bb global_colors_info=\u00a0\u00bb{}\u00a0\u00bb][et_pb_row column_structure=\u00a0\u00bb2_3,1_3&Prime; make_equal=\u00a0\u00bbon\u00a0\u00bb _builder_version=\u00a0\u00bb4.20.0&Prime; _module_preset=\u00a0\u00bbdefault\u00a0\u00bb width=\u00a0\u00bb90%\u00a0\u00bb max_width=\u00a0\u00bb100%\u00a0\u00bb global_colors_info=\u00a0\u00bb{}\u00a0\u00bb][et_pb_column type=\u00a0\u00bb2_3&Prime; admin_label=\u00a0\u00bbColumna\u00a0\u00bb _builder_version=\u00a0\u00bb4.20.0&Prime; _module_preset=\u00a0\u00bbdefault\u00a0\u00bb global_colors_info=\u00a0\u00bb{}\u00a0\u00bb][et_pb_cta title=\u00a0\u00bbNotes de d\u00e9gustation\u00a0\u00bb button_url=\u00a0\u00bbhttps:\/\/olivapalacios.es\/nuestro-aceite\/sabor-genuino\u00a0\u00bb button_text=\u00a0\u00bbVOIR NOTE DE D\u00c9GUSTATION\u00a0\u00bb admin_label=\u00a0\u00bbLlamada a la acci\u00f3n\u00a0\u00bb _builder_version=\u00a0\u00bb4.24.0&Prime; _module_preset=\u00a0\u00bbdefault\u00a0\u00bb header_font=\u00a0\u00bbQwitcher Grypen||||||||\u00a0\u00bb header_text_color=\u00a0\u00bb#d86800&Prime; header_font_size=\u00a0\u00bb85px\u00a0\u00bb body_font=\u00a0\u00bbActor||||||||\u00a0\u00bb body_text_align=\u00a0\u00bbleft\u00a0\u00bb use_background_color=\u00a0\u00bboff\u00a0\u00bb custom_button=\u00a0\u00bbon\u00a0\u00bb button_text_size=\u00a0\u00bb19px\u00a0\u00bb button_text_color=\u00a0\u00bb#000000&Prime; button_bg_color=\u00a0\u00bb#E09900&Prime; background_layout=\u00a0\u00bblight\u00a0\u00bb width=\u00a0\u00bb90%\u00a0\u00bb max_width=\u00a0\u00bb80%\u00a0\u00bb module_alignment=\u00a0\u00bbcenter\u00a0\u00bb custom_margin=\u00a0\u00bb||60px||false|false\u00a0\u00bb animation_style=\u00a0\u00bbslide\u00a0\u00bb animation_direction=\u00a0\u00bbright\u00a0\u00bb animation_duration=\u00a0\u00bb1500ms\u00a0\u00bb animation_intensity_slide=\u00a0\u00bb10%\u00a0\u00bb hover_enabled=\u00a0\u00bb0&Prime; global_colors_info=\u00a0\u00bb{}\u00a0\u00bb button_text__hover_enabled=\u00a0\u00bboff|desktop\u00a0\u00bb sticky_enabled=\u00a0\u00bb0&Prime;]<\/p>\n<p>&nbsp;<\/p>\n<p>Gr\u00e2ce aux excellentes et uniques conditions de sol et de climat de notre domaine calatravo, et gr\u00e2ce au travail extraordinaire que nous faisons dans le soin et l&rsquo;attention de notre oliveraie, les deux vari\u00e9t\u00e9s se d\u00e9veloppent de mani\u00e8re magnifique, unique et singuli\u00e8re.<\/p>\n<p>Palacio de los Olivos est un #AOVE au fruit\u00e9 vert intense, avec des attributs positifs \u00e9quilibr\u00e9s d&rsquo;amertume et de piquant, et un ar\u00f4me et un go\u00fbt frais d&rsquo;herbes et de fruits verts. Exquis, savoureux et complexe.<\/p>\n<p>[\/et_pb_cta][\/et_pb_column][et_pb_column type=\u00a0\u00bb1_3&Prime; admin_label=\u00a0\u00bbColumna\u00a0\u00bb _builder_version=\u00a0\u00bb4.20.0&Prime; _module_preset=\u00a0\u00bbdefault\u00a0\u00bb global_colors_info=\u00a0\u00bb{}\u00a0\u00bb][et_pb_image src=\u00a0\u00bbhttps:\/\/olivapalacios.es\/wp-content\/uploads\/2020\/09\/Aceite-cuchara-Olivapalacios-scaled.jpg\u00a0\u00bb title_text=\u00a0\u00bbAceite cuchara Olivapalacios\u00a0\u00bb show_bottom_space=\u00a0\u00bboff\u00a0\u00bb align=\u00a0\u00bbcenter\u00a0\u00bb force_fullwidth=\u00a0\u00bbon\u00a0\u00bb _builder_version=\u00a0\u00bb4.24.0&Prime; _module_preset=\u00a0\u00bbdefault\u00a0\u00bb custom_margin=\u00a0\u00bb14%||||false|false\u00a0\u00bb animation_style=\u00a0\u00bbfade\u00a0\u00bb animation_starting_opacity=\u00a0\u00bb50%\u00a0\u00bb global_colors_info=\u00a0\u00bb{}\u00a0\u00bb][\/et_pb_image][\/et_pb_column][\/et_pb_row][et_pb_row make_equal=\u00a0\u00bbon\u00a0\u00bb _builder_version=\u00a0\u00bb4.20.0&Prime; _module_preset=\u00a0\u00bbdefault\u00a0\u00bb width=\u00a0\u00bb90%\u00a0\u00bb max_width=\u00a0\u00bb100%\u00a0\u00bb global_colors_info=\u00a0\u00bb{}\u00a0\u00bb][et_pb_column type=\u00a0\u00bb4_4&Prime; admin_label=\u00a0\u00bbColumna\u00a0\u00bb _builder_version=\u00a0\u00bb4.20.0&Prime; _module_preset=\u00a0\u00bbdefault\u00a0\u00bb global_colors_info=\u00a0\u00bb{}\u00a0\u00bb][et_pb_shop type=\u00a0\u00bblatest\u00a0\u00bb posts_number=\u00a0\u00bb5&Prime; columns_number=\u00a0\u00bb5&Prime; show_price=\u00a0\u00bboff\u00a0\u00bb show_rating=\u00a0\u00bboff\u00a0\u00bb show_sale_badge=\u00a0\u00bboff\u00a0\u00bb _builder_version=\u00a0\u00bb4.24.0&Prime; _module_preset=\u00a0\u00bbdefault\u00a0\u00bb title_font_size=\u00a0\u00bb21px\u00a0\u00bb global_colors_info=\u00a0\u00bb{}\u00a0\u00bb][\/et_pb_shop][et_pb_button button_url=\u00a0\u00bbhttps:\/\/olivapalacios.es\/productos\/\u00a0\u00bb button_text=\u00a0\u00bbVOIR TOUS\u00a0\u00bb button_alignment=\u00a0\u00bbcenter\u00a0\u00bb _builder_version=\u00a0\u00bb4.24.0&Prime; _module_preset=\u00a0\u00bbdefault\u00a0\u00bb custom_button=\u00a0\u00bbon\u00a0\u00bb button_text_color=\u00a0\u00bb#000000&Prime; button_bg_color=\u00a0\u00bb#E09900&Prime; button_border_width=\u00a0\u00bb0px\u00a0\u00bb button_letter_spacing=\u00a0\u00bb0px\u00a0\u00bb hover_enabled=\u00a0\u00bb0&Prime; global_colors_info=\u00a0\u00bb{}\u00a0\u00bb sticky_enabled=\u00a0\u00bb0&Prime;][\/et_pb_button][\/et_pb_column][\/et_pb_row][\/et_pb_section][et_pb_section fb_built=\u00a0\u00bb1&Prime; _builder_version=\u00a0\u00bb4.20.0&Prime; _module_preset=\u00a0\u00bbdefault\u00a0\u00bb background_color=\u00a0\u00bb#000000&Prime; custom_margin=\u00a0\u00bb-2px||-84px|||\u00a0\u00bb custom_padding=\u00a0\u00bb16px||65px|||\u00a0\u00bb collapsed=\u00a0\u00bboff\u00a0\u00bb global_colors_info=\u00a0\u00bb{}\u00a0\u00bb][et_pb_row _builder_version=\u00a0\u00bb4.20.0&Prime; _module_preset=\u00a0\u00bbdefault\u00a0\u00bb background_color=\u00a0\u00bbRGBA(255,255,255,0)\u00a0\u00bb max_width=\u00a0\u00bb1362px\u00a0\u00bb custom_margin=\u00a0\u00bb13px|auto||auto||\u00a0\u00bb global_colors_info=\u00a0\u00bb{}\u00a0\u00bb][et_pb_column type=\u00a0\u00bb4_4&Prime; _builder_version=\u00a0\u00bb4.16&Prime; _module_preset=\u00a0\u00bbdefault\u00a0\u00bb global_colors_info=\u00a0\u00bb{}\u00a0\u00bb][et_pb_cta title=\u00a0\u00bbPrix\u00a0\u00bb admin_label=\u00a0\u00bbLlamada a la acci\u00f3n\u00a0\u00bb _builder_version=\u00a0\u00bb4.24.0&Prime; _module_preset=\u00a0\u00bbdefault\u00a0\u00bb header_font=\u00a0\u00bbQwitcher Grypen||||||||\u00a0\u00bb header_font_size=\u00a0\u00bb85px\u00a0\u00bb body_text_align=\u00a0\u00bbleft\u00a0\u00bb hover_enabled=\u00a0\u00bb0&Prime; global_colors_info=\u00a0\u00bb{}\u00a0\u00bb sticky_enabled=\u00a0\u00bb0&Prime;]<\/p>\n<p>Nous avons positionn\u00e9 notre entreprise <strong>Olivapalacios<\/strong> et consolid\u00e9 notre AOVE <strong>Palacio de los Olivos<\/strong> comme r\u00e9f\u00e9rences dans le secteur de l&rsquo;huile d&rsquo;olive international.<\/p>\n<ul>\n<li>N\u00ba1 dans le classement EVOO <strong>World Ranking<\/strong>, en vari\u00e9t\u00e9 Picual : Campagnes 2016-17, 2017-18, 2018-19, 2019-20, 2021-22 et 2022-23.<\/li>\n<li>Prix Alimentos de Espa\u00f1a Meilleures Huiles d&rsquo;Olive Extra Vierge Fruit\u00e9 Doux 2020 du Minist\u00e8re de l&rsquo;Agriculture, de la P\u00eache et de l&rsquo;Alimentation.<\/li>\n<\/ul>\n<p>[\/et_pb_cta][\/et_pb_column][\/et_pb_row][\/et_pb_section][et_pb_section fb_built=\u00a0\u00bb1&Prime; _builder_version=\u00a0\u00bb4.20.0&Prime; _module_preset=\u00a0\u00bbdefault\u00a0\u00bb background_color=\u00a0\u00bbRGBA(255,255,255,0)\u00a0\u00bb custom_margin=\u00a0\u00bb-2px||-84px|||\u00a0\u00bb custom_padding=\u00a0\u00bb16px||65px|||\u00a0\u00bb collapsed=\u00a0\u00bboff\u00a0\u00bb global_colors_info=\u00a0\u00bb{}\u00a0\u00bb][et_pb_row _builder_version=\u00a0\u00bb4.24.0&Prime; _module_preset=\u00a0\u00bbdefault\u00a0\u00bb background_color=\u00a0\u00bb#FFFFFF\u00a0\u00bb max_width=\u00a0\u00bb1362px\u00a0\u00bb custom_margin=\u00a0\u00bb-17px|auto|80px|auto|false|false\u00a0\u00bb custom_padding=\u00a0\u00bb0px||0px|30px|true|false\u00a0\u00bb box_shadow_style=\u00a0\u00bbpreset2&Prime; global_colors_info=\u00a0\u00bb{}\u00a0\u00bb][et_pb_column type=\u00a0\u00bb4_4&Prime; _builder_version=\u00a0\u00bb4.16&Prime; _module_preset=\u00a0\u00bbdefault\u00a0\u00bb global_colors_info=\u00a0\u00bb{}\u00a0\u00bb][et_pb_image src=\u00a0\u00bbhttps:\/\/olivapalacios.es\/wp-content\/uploads\/2023\/06\/Todos-los-premios-2023-1.png\u00a0\u00bb title_text=\u00a0\u00bbTodos los premios 2023&Prime; show_in_lightbox=\u00a0\u00bbon\u00a0\u00bb align=\u00a0\u00bbcenter\u00a0\u00bb force_fullwidth=\u00a0\u00bbon\u00a0\u00bb src_tablet=\u00a0\u00bbhttps:\/\/olivapalacios.es\/wp-content\/uploads\/2023\/06\/Todos-los-premios-2023-1.png\u00a0\u00bb src_phone=\u00a0\u00bbhttps:\/\/olivapalacios.es\/wp-content\/uploads\/2023\/06\/Todos-los-premios-2023-1.png\u00a0\u00bb src_last_edited=\u00a0\u00bbon|phone\u00a0\u00bb _builder_version=\u00a0\u00bb4.24.0&Prime; _module_preset=\u00a0\u00bbdefault\u00a0\u00bb height_tablet=\u00a0\u00bb\u00a0\u00bb height_phone=\u00a0\u00bb\u00a0\u00bb height_last_edited=\u00a0\u00bbon|desktop\u00a0\u00bb hover_enabled=\u00a0\u00bb0&Prime; global_colors_info=\u00a0\u00bb{}\u00a0\u00bb sticky_enabled=\u00a0\u00bb0&Prime;][\/et_pb_image][\/et_pb_column][\/et_pb_row][\/et_pb_section]<\/p>\n","protected":false},"excerpt":{"rendered":"<p>Classement Mondial N\u00b01 pendant 7 ann\u00e9es cons\u00e9cutives (Vari\u00e9t\u00e9 Picual) Dans notre ferme\u00a0Los Palacios Almagro, Ciudad Real &nbsp; Producci\u00f3n Propia Olivar sostenible y respetuoso con el medio ambiente Olivapalacios, S.L. es una empresa familiar dedicada a la producci\u00f3n y envasado de Aceite de Oliva Virgen Extra (AOVE) de alta calidad. Nuestros olivares y almazara se encuentran [&hellip;]<\/p>\n","protected":false},"author":2,"featured_media":0,"parent":0,"menu_order":0,"comment_status":"closed","ping_status":"closed","template":"","meta":{"_et_pb_use_builder":"on","_et_pb_old_content":"","_et_gb_content_width":"","footnotes":""},"class_list":["post-10136","page","type-page","status-publish","hentry"],"yoast_head":"<!-- This site is optimized with the Yoast SEO plugin v27.5 - https:\/\/yoast.com\/product\/yoast-seo-wordpress\/ -->\n<title>Palacio de los Olivos - Olivapalacios<\/title>\n<meta name=\"robots\" content=\"index, follow, max-snippet:-1, max-image-preview:large, max-video-preview:-1\" \/>\n<link rel=\"canonical\" href=\"https:\/\/olivapalacios.es\/fr\/palacio-de-los-olivos\/\" \/>\n<meta property=\"og:locale\" content=\"fr_FR\" \/>\n<meta property=\"og:type\" content=\"article\" \/>\n<meta property=\"og:title\" content=\"Palacio de los Olivos - Olivapalacios\" \/>\n<meta property=\"og:description\" content=\"Classement Mondial N\u00b01 pendant 7 ann\u00e9es cons\u00e9cutives (Vari\u00e9t\u00e9 Picual) Dans notre ferme\u00a0Los Palacios Almagro, Ciudad Real &nbsp; Producci\u00f3n Propia Olivar sostenible y respetuoso con el medio ambiente Olivapalacios, S.L. es una empresa familiar dedicada a la producci\u00f3n y envasado de Aceite de Oliva Virgen Extra (AOVE) de alta calidad. Nuestros olivares y almazara se encuentran [&hellip;]\" \/>\n<meta property=\"og:url\" content=\"https:\/\/olivapalacios.es\/fr\/palacio-de-los-olivos\/\" \/>\n<meta property=\"og:site_name\" content=\"Olivapalacios\" \/>\n<meta property=\"article:publisher\" content=\"https:\/\/www.facebook.com\/Palaciodelosolivos\/\" \/>\n<meta property=\"og:image\" content=\"https:\/\/olivapalacios.es\/wp-content\/uploads\/2024\/02\/Premio-Alimentos-de-Espana-2020-Picual.png\" \/>\n<meta name=\"twitter:card\" content=\"summary_large_image\" \/>\n<meta name=\"twitter:site\" content=\"@olivapalacios\" \/>\n<meta name=\"twitter:label1\" content=\"Dur\u00e9e de lecture estim\u00e9e\" \/>\n\t<meta name=\"twitter:data1\" content=\"4 minutes\" \/>\n<script type=\"application\/ld+json\" class=\"yoast-schema-graph\">{\"@context\":\"https:\\\/\\\/schema.org\",\"@graph\":[{\"@type\":\"WebPage\",\"@id\":\"https:\\\/\\\/olivapalacios.es\\\/fr\\\/palacio-de-los-olivos\\\/\",\"url\":\"https:\\\/\\\/olivapalacios.es\\\/fr\\\/palacio-de-los-olivos\\\/\",\"name\":\"Palacio de los Olivos - Olivapalacios\",\"isPartOf\":{\"@id\":\"https:\\\/\\\/olivapalacios.es\\\/#website\"},\"primaryImageOfPage\":{\"@id\":\"https:\\\/\\\/olivapalacios.es\\\/fr\\\/palacio-de-los-olivos\\\/#primaryimage\"},\"image\":{\"@id\":\"https:\\\/\\\/olivapalacios.es\\\/fr\\\/palacio-de-los-olivos\\\/#primaryimage\"},\"thumbnailUrl\":\"https:\\\/\\\/olivapalacios.es\\\/wp-content\\\/uploads\\\/2024\\\/02\\\/Premio-Alimentos-de-Espana-2020-Picual.png\",\"datePublished\":\"2024-03-13T12:52:03+00:00\",\"breadcrumb\":{\"@id\":\"https:\\\/\\\/olivapalacios.es\\\/fr\\\/palacio-de-los-olivos\\\/#breadcrumb\"},\"inLanguage\":\"fr-FR\",\"potentialAction\":[{\"@type\":\"ReadAction\",\"target\":[\"https:\\\/\\\/olivapalacios.es\\\/fr\\\/palacio-de-los-olivos\\\/\"]}]},{\"@type\":\"ImageObject\",\"inLanguage\":\"fr-FR\",\"@id\":\"https:\\\/\\\/olivapalacios.es\\\/fr\\\/palacio-de-los-olivos\\\/#primaryimage\",\"url\":\"https:\\\/\\\/olivapalacios.es\\\/wp-content\\\/uploads\\\/2024\\\/02\\\/Premio-Alimentos-de-Espana-2020-Picual.png\",\"contentUrl\":\"https:\\\/\\\/olivapalacios.es\\\/wp-content\\\/uploads\\\/2024\\\/02\\\/Premio-Alimentos-de-Espana-2020-Picual.png\"},{\"@type\":\"BreadcrumbList\",\"@id\":\"https:\\\/\\\/olivapalacios.es\\\/fr\\\/palacio-de-los-olivos\\\/#breadcrumb\",\"itemListElement\":[{\"@type\":\"ListItem\",\"position\":1,\"name\":\"Portada\",\"item\":\"https:\\\/\\\/olivapalacios.es\\\/fr\\\/\"},{\"@type\":\"ListItem\",\"position\":2,\"name\":\"Palacio de los Olivos\"}]},{\"@type\":\"WebSite\",\"@id\":\"https:\\\/\\\/olivapalacios.es\\\/#website\",\"url\":\"https:\\\/\\\/olivapalacios.es\\\/\",\"name\":\"Olivapalacios\",\"description\":\"Palacio de Los Olivos, Aceite de Oliva Virgen Extra\",\"publisher\":{\"@id\":\"https:\\\/\\\/olivapalacios.es\\\/#organization\"},\"potentialAction\":[{\"@type\":\"SearchAction\",\"target\":{\"@type\":\"EntryPoint\",\"urlTemplate\":\"https:\\\/\\\/olivapalacios.es\\\/?s={search_term_string}\"},\"query-input\":{\"@type\":\"PropertyValueSpecification\",\"valueRequired\":true,\"valueName\":\"search_term_string\"}}],\"inLanguage\":\"fr-FR\"},{\"@type\":\"Organization\",\"@id\":\"https:\\\/\\\/olivapalacios.es\\\/#organization\",\"name\":\"Olivapalacios\",\"url\":\"https:\\\/\\\/olivapalacios.es\\\/\",\"logo\":{\"@type\":\"ImageObject\",\"inLanguage\":\"fr-FR\",\"@id\":\"https:\\\/\\\/olivapalacios.es\\\/#\\\/schema\\\/logo\\\/image\\\/\",\"url\":\"https:\\\/\\\/olivapalacios.es\\\/wp-content\\\/uploads\\\/2018\\\/06\\\/Logo_150-2.jpg\",\"contentUrl\":\"https:\\\/\\\/olivapalacios.es\\\/wp-content\\\/uploads\\\/2018\\\/06\\\/Logo_150-2.jpg\",\"width\":150,\"height\":143,\"caption\":\"Olivapalacios\"},\"image\":{\"@id\":\"https:\\\/\\\/olivapalacios.es\\\/#\\\/schema\\\/logo\\\/image\\\/\"},\"sameAs\":[\"https:\\\/\\\/www.facebook.com\\\/Palaciodelosolivos\\\/\",\"https:\\\/\\\/x.com\\\/olivapalacios\",\"https:\\\/\\\/www.instagram.com\\\/palaciodelosolivos\\\/\"]}]}<\/script>\n<!-- \/ Yoast SEO plugin. -->","yoast_head_json":{"title":"Palacio de los Olivos - Olivapalacios","robots":{"index":"index","follow":"follow","max-snippet":"max-snippet:-1","max-image-preview":"max-image-preview:large","max-video-preview":"max-video-preview:-1"},"canonical":"https:\/\/olivapalacios.es\/fr\/palacio-de-los-olivos\/","og_locale":"fr_FR","og_type":"article","og_title":"Palacio de los Olivos - Olivapalacios","og_description":"Classement Mondial N\u00b01 pendant 7 ann\u00e9es cons\u00e9cutives (Vari\u00e9t\u00e9 Picual) Dans notre ferme\u00a0Los Palacios Almagro, Ciudad Real &nbsp; Producci\u00f3n Propia Olivar sostenible y respetuoso con el medio ambiente Olivapalacios, S.L. es una empresa familiar dedicada a la producci\u00f3n y envasado de Aceite de Oliva Virgen Extra (AOVE) de alta calidad. Nuestros olivares y almazara se encuentran [&hellip;]","og_url":"https:\/\/olivapalacios.es\/fr\/palacio-de-los-olivos\/","og_site_name":"Olivapalacios","article_publisher":"https:\/\/www.facebook.com\/Palaciodelosolivos\/","og_image":[{"url":"https:\/\/olivapalacios.es\/wp-content\/uploads\/2024\/02\/Premio-Alimentos-de-Espana-2020-Picual.png","type":"","width":"","height":""}],"twitter_card":"summary_large_image","twitter_site":"@olivapalacios","twitter_misc":{"Dur\u00e9e de lecture estim\u00e9e":"4 minutes"},"schema":{"@context":"https:\/\/schema.org","@graph":[{"@type":"WebPage","@id":"https:\/\/olivapalacios.es\/fr\/palacio-de-los-olivos\/","url":"https:\/\/olivapalacios.es\/fr\/palacio-de-los-olivos\/","name":"Palacio de los Olivos - Olivapalacios","isPartOf":{"@id":"https:\/\/olivapalacios.es\/#website"},"primaryImageOfPage":{"@id":"https:\/\/olivapalacios.es\/fr\/palacio-de-los-olivos\/#primaryimage"},"image":{"@id":"https:\/\/olivapalacios.es\/fr\/palacio-de-los-olivos\/#primaryimage"},"thumbnailUrl":"https:\/\/olivapalacios.es\/wp-content\/uploads\/2024\/02\/Premio-Alimentos-de-Espana-2020-Picual.png","datePublished":"2024-03-13T12:52:03+00:00","breadcrumb":{"@id":"https:\/\/olivapalacios.es\/fr\/palacio-de-los-olivos\/#breadcrumb"},"inLanguage":"fr-FR","potentialAction":[{"@type":"ReadAction","target":["https:\/\/olivapalacios.es\/fr\/palacio-de-los-olivos\/"]}]},{"@type":"ImageObject","inLanguage":"fr-FR","@id":"https:\/\/olivapalacios.es\/fr\/palacio-de-los-olivos\/#primaryimage","url":"https:\/\/olivapalacios.es\/wp-content\/uploads\/2024\/02\/Premio-Alimentos-de-Espana-2020-Picual.png","contentUrl":"https:\/\/olivapalacios.es\/wp-content\/uploads\/2024\/02\/Premio-Alimentos-de-Espana-2020-Picual.png"},{"@type":"BreadcrumbList","@id":"https:\/\/olivapalacios.es\/fr\/palacio-de-los-olivos\/#breadcrumb","itemListElement":[{"@type":"ListItem","position":1,"name":"Portada","item":"https:\/\/olivapalacios.es\/fr\/"},{"@type":"ListItem","position":2,"name":"Palacio de los Olivos"}]},{"@type":"WebSite","@id":"https:\/\/olivapalacios.es\/#website","url":"https:\/\/olivapalacios.es\/","name":"Olivapalacios","description":"Palacio de Los Olivos, Aceite de Oliva Virgen Extra","publisher":{"@id":"https:\/\/olivapalacios.es\/#organization"},"potentialAction":[{"@type":"SearchAction","target":{"@type":"EntryPoint","urlTemplate":"https:\/\/olivapalacios.es\/?s={search_term_string}"},"query-input":{"@type":"PropertyValueSpecification","valueRequired":true,"valueName":"search_term_string"}}],"inLanguage":"fr-FR"},{"@type":"Organization","@id":"https:\/\/olivapalacios.es\/#organization","name":"Olivapalacios","url":"https:\/\/olivapalacios.es\/","logo":{"@type":"ImageObject","inLanguage":"fr-FR","@id":"https:\/\/olivapalacios.es\/#\/schema\/logo\/image\/","url":"https:\/\/olivapalacios.es\/wp-content\/uploads\/2018\/06\/Logo_150-2.jpg","contentUrl":"https:\/\/olivapalacios.es\/wp-content\/uploads\/2018\/06\/Logo_150-2.jpg","width":150,"height":143,"caption":"Olivapalacios"},"image":{"@id":"https:\/\/olivapalacios.es\/#\/schema\/logo\/image\/"},"sameAs":["https:\/\/www.facebook.com\/Palaciodelosolivos\/","https:\/\/x.com\/olivapalacios","https:\/\/www.instagram.com\/palaciodelosolivos\/"]}]}},"_links":{"self":[{"href":"https:\/\/olivapalacios.es\/fr\/wp-json\/wp\/v2\/pages\/10136","targetHints":{"allow":["GET"]}}],"collection":[{"href":"https:\/\/olivapalacios.es\/fr\/wp-json\/wp\/v2\/pages"}],"about":[{"href":"https:\/\/olivapalacios.es\/fr\/wp-json\/wp\/v2\/types\/page"}],"author":[{"embeddable":true,"href":"https:\/\/olivapalacios.es\/fr\/wp-json\/wp\/v2\/users\/2"}],"replies":[{"embeddable":true,"href":"https:\/\/olivapalacios.es\/fr\/wp-json\/wp\/v2\/comments?post=10136"}],"version-history":[{"count":0,"href":"https:\/\/olivapalacios.es\/fr\/wp-json\/wp\/v2\/pages\/10136\/revisions"}],"wp:attachment":[{"href":"https:\/\/olivapalacios.es\/fr\/wp-json\/wp\/v2\/media?parent=10136"}],"curies":[{"name":"wp","href":"https:\/\/api.w.org\/{rel}","templated":true}]}}