{"id":11026,"date":"2024-03-13T13:52:03","date_gmt":"2024-03-13T12:52:03","guid":{"rendered":"https:\/\/olivapalacios.es\/palacio-de-los-olivos-2\/"},"modified":"2024-03-15T11:52:22","modified_gmt":"2024-03-15T10:52:22","slug":"palacio-de-los-olivos-2","status":"publish","type":"page","link":"https:\/\/olivapalacios.es\/en\/palacio-de-los-olivos-2\/","title":{"rendered":"Palacio de los Olivos"},"content":{"rendered":"<p>[et_pb_section fb_built=&#8221;1&#8243; fullwidth=&#8221;on&#8221; _builder_version=&#8221;4.16&#8243; _module_preset=&#8221;default&#8221; hover_transition_duration=&#8221;550ms&#8221; global_colors_info=&#8221;{}&#8221;][et_pb_fullwidth_slider _builder_version=&#8221;4.24.0&#8243; _module_preset=&#8221;default&#8221; background_image=&#8221;https:\/\/olivapalacios.es\/wp-content\/uploads\/2024\/02\/Sello-Premio-Alimentos-de-Espana-2020-Picual.png&#8221; background_size=&#8221;custom&#8221; background_position=&#8221;top_right&#8221; height=&#8221;571px&#8221; height_tablet=&#8221;384px&#8221; height_phone=&#8221;412px&#8221; height_last_edited=&#8221;on|desktop&#8221; max_height=&#8221;1000px&#8221; custom_margin=&#8221;2px||-22px||false|false&#8221; custom_padding=&#8221;32px||17px||false|false&#8221; auto=&#8221;on&#8221; auto_speed=&#8221;6000&#8243; hover_enabled=&#8221;0&#8243; header_font_size_tablet=&#8221;36px&#8221; header_font_size_phone=&#8221;26px&#8221; header_font_size_last_edited=&#8221;on|tablet&#8221; global_colors_info=&#8221;{}&#8221; sticky_enabled=&#8221;0&#8243;][et_pb_slide heading=&#8221;HUILE D&apos;OLIVE EXTRA VIERGE&#8221; button_text=&#8221;ACHETER&#8221; button_link=&#8221;https:\/\/olivapalacios.es\/productos\/&#8221; alignment=&#8221;bottom&#8221; _builder_version=&#8221;4.24.0&#8243; _module_preset=&#8221;default&#8221; header_level=&#8221;h2&#8243; background_image=&#8221;https:\/\/olivapalacios.es\/wp-content\/uploads\/2020\/09\/Magnum-Pasta-Sin-tapon-Olivapalacios-scaled.jpg&#8221; background_enable_image=&#8221;on&#8221; parallax=&#8221;on&#8221; custom_padding=&#8221;0px||||false|false&#8221; hover_enabled=&#8221;0&#8243; border_radii_image=&#8221;off|21px|21px|21px|21px&#8221; global_colors_info=&#8221;{}&#8221; sticky_transition=&#8221;on&#8221; sticky_enabled=&#8221;0&#8243;]<\/p>\n<h3 style=\"text-align: center;\"><img loading=\"lazy\" decoding=\"async\" class=\"wp-image-8973 alignnone size-full\" src=\"https:\/\/olivapalacios.es\/wp-content\/uploads\/2024\/02\/Premio-Alimentos-de-Espana-2020-Picual.png\" alt=\"Premio alimentos de Espa\u00f1a\" width=\"135\" height=\"150\"><\/h3>\n<h3 style=\"text-align: center;\">Classement Mondial N\u00b01<\/h3>\n<h3 style=\"text-align: center;\">pendant 7 ann\u00e9es cons\u00e9cutives<\/h3>\n<h3 style=\"text-align: center;\">(Vari\u00e9t\u00e9 Picual)<\/h3>\n<p>[\/et_pb_slide][et_pb_slide heading=&#8221;Production familiale&#8221; button_link=&#8221;https:\/\/olivapalacios.es\/#nosotros&#8221; _builder_version=&#8221;4.24.0&#8243; _module_preset=&#8221;default&#8221; background_enable_color=&#8221;off&#8221; background_image=&#8221;https:\/\/olivapalacios.es\/wp-content\/uploads\/2021\/05\/Almazara-y-olivar-panoramica-scaled.jpg&#8221; background_enable_image=&#8221;on&#8221; parallax=&#8221;on&#8221; hover_enabled=&#8221;0&#8243; global_colors_info=&#8221;{}&#8221; sticky_transition=&#8221;on&#8221; sticky_enabled=&#8221;0&#8243;]<\/p>\n<h3>Dans notre ferme Los Palacios<\/h3>\n<h3>Almagro, Ciudad Real<\/h3>\n<p><img loading=\"lazy\" decoding=\"async\" class=\"alignnone wp-image-9408 size-large\" src=\"https:\/\/olivapalacios.es\/wp-content\/uploads\/2024\/03\/Todos-los-premios-2024-1-1024x224-1.png\" alt=\"premios\" width=\"1024\" height=\"224\"><\/p>\n<p>&nbsp;<\/p>\n<p>[\/et_pb_slide][et_pb_slide heading=&#8221;Recolecci\u00f3n Temprana&#8221; button_link=&#8221;https:\/\/olivapalacios.es\/olivar-y-almazara\/#almazara&#8221; _builder_version=&#8221;4.16&#8243; _module_preset=&#8221;default&#8221; background_enable_color=&#8221;off&#8221; background_image=&#8221;https:\/\/olivapalacios.es\/wp-content\/uploads\/2018\/06\/olivos-ramillete-aceitunasverdes.jpg&#8221; background_enable_image=&#8221;on&#8221; parallax=&#8221;on&#8221; global_colors_info=&#8221;{}&#8221; sticky_transition=&#8221;on&#8221;]<\/p>\n<h3>Producci\u00f3n Propia<\/h3>\n<h3>Olivar sostenible y respetuoso con el medio ambiente<\/h3>\n<p>[\/et_pb_slide][\/et_pb_fullwidth_slider][\/et_pb_section][et_pb_section fb_built=&#8221;1&#8243; module_id=&#8221;nosotros&#8221; _builder_version=&#8221;4.24.0&#8243; _module_preset=&#8221;default&#8221; background_color=&#8221;#FFFFFF&#8221; min_height=&#8221;591.8px&#8221; custom_margin=&#8221;||170px||false|false&#8221; custom_padding=&#8221;|5px|0px|0px||&#8221; hover_enabled=&#8221;0&#8243; collapsed=&#8221;on&#8221; global_colors_info=&#8221;{}&#8221; sticky_enabled=&#8221;0&#8243;][et_pb_row column_structure=&#8221;1_3,2_3&#8243; _builder_version=&#8221;4.24.0&#8243; _module_preset=&#8221;default&#8221; width=&#8221;90%&#8221; max_width=&#8221;100%&#8221; min_height=&#8221;661.9px&#8221; custom_margin=&#8221;0px|auto|-57px|auto|false|false&#8221; global_colors_info=&#8221;{}&#8221;][et_pb_column type=&#8221;1_3&#8243; _builder_version=&#8221;4.20.0&#8243; _module_preset=&#8221;default&#8221; global_colors_info=&#8221;{}&#8221;][et_pb_image src=&#8221;https:\/\/olivapalacios.es\/wp-content\/uploads\/2024\/02\/estuche-Picual.jpg&#8221; alt=&#8221;Estuche picual&#8221; title_text=&#8221;estuche Picual&#8221; align=&#8221;center&#8221; _builder_version=&#8221;4.24.0&#8243; _module_preset=&#8221;default&#8221; custom_margin=&#8221;-8px||-80px|0px|false|false&#8221; custom_padding=&#8221;0px||||false|false&#8221; animation_style=&#8221;fade&#8221; animation_starting_opacity=&#8221;50%&#8221; global_colors_info=&#8221;{}&#8221;][\/et_pb_image][\/et_pb_column][et_pb_column type=&#8221;2_3&#8243; _builder_version=&#8221;4.20.0&#8243; _module_preset=&#8221;default&#8221; global_colors_info=&#8221;{}&#8221;][et_pb_cta title=&#8221;Empresa familiar&#8221; button_text=&#8221;Clics&#8221; admin_label=&#8221;Llamada a la acci\u00f3n&#8221; _builder_version=&#8221;4.24.0&#8243; _module_preset=&#8221;default&#8221; header_font=&#8221;Qwitcher Grypen||||||||&#8221; header_text_color=&#8221;#d86800&#8243; header_font_size=&#8221;82px&#8221; body_font=&#8221;Actor||||||||&#8221; body_text_align=&#8221;center&#8221; use_background_color=&#8221;off&#8221; background_layout=&#8221;light&#8221; width=&#8221;90%&#8221; max_width=&#8221;80%&#8221; module_alignment=&#8221;center&#8221; custom_margin=&#8221;-65px||||false|false&#8221; custom_padding=&#8221;0px||||false|false&#8221; animation_style=&#8221;slide&#8221; animation_direction=&#8221;right&#8221; animation_duration=&#8221;1500ms&#8221; animation_intensity_slide=&#8221;10%&#8221; global_colors_info=&#8221;{}&#8221;]<\/p>\n<p style=\"text-align: left;\"><strong>Olivapalacios, S.L.<\/strong> es una<strong> empresa familiar<\/strong> dedicada a la producci\u00f3n y envasado de <strong>Aceite de Oliva Virgen Extra (AOVE)<\/strong> de alta calidad.<\/p>\n<p style=\"text-align: left;\">Nuestros olivares y almazara se encuentran situados en la regi\u00f3n de<strong> Campo de Calatrava<\/strong>, en Almagro, en la provincia de <strong>Ciudad Real<\/strong>, Espa\u00f1a, considerada zona de producci\u00f3n de aceite de oliva desde tiempo inmemorial, sobre <strong>tierras de origen volc\u00e1nico<\/strong> muy ricas en nutrientes y con clima excepcional para el cultivo del olivo.<\/p>\n<p style=\"text-align: left;\">Las dos variedades de aceituna, <strong>Picual, Arbosana y Arbequina<\/strong>, son cultivadas y recogidas en nuestro olivar de casi <strong>300 hect\u00e1reas<\/strong>, y procesadas en nuestra almazara.<\/p>\n<p style=\"text-align: left;\">Desde 2.009 innovamos con la m\u00e1s <strong>alta tecnolog\u00eda<\/strong>, <strong>sostenible y respetuosa con el medio ambiente<\/strong> en cada parte del proceso de producci\u00f3n. Y elaboramos un AOVE pr\u00e1cticamente artesano desde el cuidado del olivar y la aceituna hasta el envasado del oro l\u00edquido resultante, tan saludable en la dieta mediterr\u00e1nea.<\/p>\n<p><img loading=\"lazy\" decoding=\"async\" class=\"wp-image-4186 alignnone size-full\" style=\"display: block; margin-left: auto; margin-right: auto;\" src=\"https:\/\/olivapalacios.es\/wp-content\/uploads\/2018\/06\/arboles.png\" alt=\"\" width=\"225\" height=\"80\"><\/p>\n<p>[\/et_pb_cta][\/et_pb_column][\/et_pb_row][\/et_pb_section][et_pb_section fb_built=&#8221;1&#8243; _builder_version=&#8221;4.20.0&#8243; _module_preset=&#8221;default&#8221; background_image=&#8221;https:\/\/olivapalacios.es\/wp-content\/uploads\/2021\/05\/Almazara-y-olivar-panoramica-scaled.jpg&#8221; parallax=&#8221;on&#8221; min_height=&#8221;611.9px&#8221; custom_margin=&#8221;-154px||-61px|||&#8221; custom_padding=&#8221;45px|||||&#8221; collapsed=&#8221;off&#8221; global_colors_info=&#8221;{}&#8221;][et_pb_row column_structure=&#8221;1_2,1_2&#8243; _builder_version=&#8221;4.20.0&#8243; _module_preset=&#8221;default&#8221; global_colors_info=&#8221;{}&#8221;][et_pb_column type=&#8221;1_2&#8243; _builder_version=&#8221;4.20.0&#8243; _module_preset=&#8221;default&#8221; global_colors_info=&#8221;{}&#8221;][et_pb_blurb title=&#8221;Notre oliveraie et notre moulin \u00e0 huile&#8221; url=&#8221;https:\/\/olivapalacios.es\/olivar-y-almazara\/&#8221; admin_label=&#8221;Anuncio&#8221; _builder_version=&#8221;4.24.0&#8243; _module_preset=&#8221;default&#8221; header_font=&#8221;Qwitcher Grypen||||||||&#8221; header_text_color=&#8221;#FFFFFF&#8221; header_font_size=&#8221;64px&#8221; background_layout=&#8221;dark&#8221; link_option_url=&#8221;https:\/\/olivapalacios.es\/olivar-y-almazara\/&#8221; hover_enabled=&#8221;0&#8243; header_text_shadow_style=&#8221;preset3&#8243; text_shadow_style=&#8221;preset3&#8243; text_shadow_vertical_length=&#8221;0.1em&#8221; text_shadow_color=&#8221;#000000&#8243; global_colors_info=&#8221;{}&#8221; sticky_enabled=&#8221;0&#8243;]<\/p>\n<div class=\"react-scroll-to-bottom--css-bnkgg-1n7m0yu\">\n<div class=\"flex flex-col text-sm pb-9\">\n<div class=\"w-full text-token-text-primary sm:AIPRM__conversation__response\" data-testid=\"conversation-turn-19\">\n<div class=\"px-4 py-2 justify-center text-base md:gap-6 m-auto\">\n<div class=\"flex flex-1 text-base mx-auto gap-3 md:px-5 lg:px-1 xl:px-5 md:max-w-3xl lg:max-w-[40rem] xl:max-w-[48rem] group final-completion\">\n<div class=\"relative flex w-full flex-col agent-turn\">\n<div class=\"flex-col gap-1 md:gap-3\">\n<div class=\"flex flex-grow flex-col max-w-full\">\n<div class=\"min-h-[20px] text-message flex flex-col items-start gap-3 whitespace-pre-wrap break-words [.text-message+&amp;]:mt-5 overflow-x-auto\" data-message-author-role=\"assistant\" data-message-id=\"673a1aaa-81f7-408c-98af-e6fb912dc2e1\">\n<div class=\"markdown prose w-full break-words dark:prose-invert light AIPRM__conversation__response\">\n<p><strong>OlivaPalacios<\/strong> est synonyme de production propre dans nos oliveraies cultiv\u00e9es de mani\u00e8re conventionnelle, durable et respectueuse de l&#8217;environnement, et de fabrication naturelle d&#8217;huile d&#8217;olive extra vierge gr\u00e2ce \u00e0 des processus m\u00e9caniques anti-oxydatifs et \u00e0 l&#8217;extraction \u00e0 froid dans notre moulin \u00e0 <strong>huile<\/strong>.<\/p>\n<\/div>\n<\/div>\n<\/div>\n<div class=\"mt-1 flex justify-start gap-3 empty:hidden\">\n<div class=\"text-gray-400 flex self-end lg:self-center items-center justify-center lg:justify-start mt-0 -ml-1 h-7 gap-[2px] visible\">\n<p>&nbsp;<\/p>\n<div class=\"flex items-center gap-1.5 text-xs\"><\/div>\n<div class=\"flex\"><\/div>\n<\/div>\n<\/div>\n<div class=\"pr-2 lg:pr-0\"><\/div>\n<\/div>\n<\/div>\n<\/div>\n<\/div>\n<\/div>\n<\/div>\n<\/div>\n<div id=\"AIPRM__sidebar-icon\" class=\"AIPRM__p-2 AIPRM__top-12 md:AIPRM__top-2 AIPRM__p-2 AIPRM__items-center AIPRM__transition-colors AIPRM__duration-200 AIPRM__cursor-pointer AIPRM__text-sm AIPRM__rounded-md AIPRM__border AIPRM__bg-white dark:AIPRM__bg-gray-900 AIPRM__border-black\/10 dark:AIPRM__border-white\/20 hover:AIPRM__bg-gray-50 dark:hover:AIPRM__bg-gray-850 AIPRM__cursor-pointer AIPRM__fixed AIPRM__right-4 AIPRM__z-30\" title=\"Open AIPRM sidebar\"><\/div>\n<p>[\/et_pb_blurb][\/et_pb_column][et_pb_column type=&#8221;1_2&#8243; _builder_version=&#8221;4.20.0&#8243; _module_preset=&#8221;default&#8221; global_colors_info=&#8221;{}&#8221;][\/et_pb_column][\/et_pb_row][\/et_pb_section][et_pb_section fb_built=&#8221;1&#8243; module_id=&#8221;nosotros&#8221; _builder_version=&#8221;4.20.0&#8243; _module_preset=&#8221;default&#8221; background_color=&#8221;#FFFFFF&#8221; custom_margin=&#8221;||-3px|||&#8221; global_colors_info=&#8221;{}&#8221;][et_pb_row column_structure=&#8221;2_3,1_3&#8243; make_equal=&#8221;on&#8221; _builder_version=&#8221;4.20.0&#8243; _module_preset=&#8221;default&#8221; width=&#8221;90%&#8221; max_width=&#8221;100%&#8221; global_colors_info=&#8221;{}&#8221;][et_pb_column type=&#8221;2_3&#8243; admin_label=&#8221;Columna&#8221; _builder_version=&#8221;4.20.0&#8243; _module_preset=&#8221;default&#8221; global_colors_info=&#8221;{}&#8221;][et_pb_cta title=&#8221;Notes de d\u00e9gustation&#8221; button_url=&#8221;https:\/\/olivapalacios.es\/nuestro-aceite\/sabor-genuino&#8221; button_text=&#8221;VOIR NOTE DE D\u00c9GUSTATION&#8221; admin_label=&#8221;Llamada a la acci\u00f3n&#8221; _builder_version=&#8221;4.24.0&#8243; _module_preset=&#8221;default&#8221; header_font=&#8221;Qwitcher Grypen||||||||&#8221; header_text_color=&#8221;#d86800&#8243; header_font_size=&#8221;85px&#8221; body_font=&#8221;Actor||||||||&#8221; body_text_align=&#8221;left&#8221; use_background_color=&#8221;off&#8221; custom_button=&#8221;on&#8221; button_text_size=&#8221;19px&#8221; button_text_color=&#8221;#000000&#8243; button_bg_color=&#8221;#E09900&#8243; background_layout=&#8221;light&#8221; width=&#8221;90%&#8221; max_width=&#8221;80%&#8221; module_alignment=&#8221;center&#8221; custom_margin=&#8221;||60px||false|false&#8221; animation_style=&#8221;slide&#8221; animation_direction=&#8221;right&#8221; animation_duration=&#8221;1500ms&#8221; animation_intensity_slide=&#8221;10%&#8221; hover_enabled=&#8221;0&#8243; global_colors_info=&#8221;{}&#8221; button_text__hover_enabled=&#8221;off|desktop&#8221; sticky_enabled=&#8221;0&#8243;]<\/p>\n<p>&nbsp;<\/p>\n<p>Gr\u00e2ce aux excellentes et uniques conditions de sol et de climat de notre domaine calatravo, et gr\u00e2ce au travail extraordinaire que nous faisons dans le soin et l&#8217;attention de notre oliveraie, les deux vari\u00e9t\u00e9s se d\u00e9veloppent de mani\u00e8re magnifique, unique et singuli\u00e8re.<\/p>\n<p>Palacio de los Olivos est un #AOVE au fruit\u00e9 vert intense, avec des attributs positifs \u00e9quilibr\u00e9s d&#8217;amertume et de piquant, et un ar\u00f4me et un go\u00fbt frais d&#8217;herbes et de fruits verts. Exquis, savoureux et complexe.<\/p>\n<p>[\/et_pb_cta][\/et_pb_column][et_pb_column type=&#8221;1_3&#8243; admin_label=&#8221;Columna&#8221; _builder_version=&#8221;4.20.0&#8243; _module_preset=&#8221;default&#8221; global_colors_info=&#8221;{}&#8221;][et_pb_image src=&#8221;https:\/\/olivapalacios.es\/wp-content\/uploads\/2020\/09\/Aceite-cuchara-Olivapalacios-scaled.jpg&#8221; title_text=&#8221;Aceite cuchara Olivapalacios&#8221; show_bottom_space=&#8221;off&#8221; align=&#8221;center&#8221; force_fullwidth=&#8221;on&#8221; _builder_version=&#8221;4.24.0&#8243; _module_preset=&#8221;default&#8221; custom_margin=&#8221;14%||||false|false&#8221; animation_style=&#8221;fade&#8221; animation_starting_opacity=&#8221;50%&#8221; global_colors_info=&#8221;{}&#8221;][\/et_pb_image][\/et_pb_column][\/et_pb_row][et_pb_row make_equal=&#8221;on&#8221; _builder_version=&#8221;4.20.0&#8243; _module_preset=&#8221;default&#8221; width=&#8221;90%&#8221; max_width=&#8221;100%&#8221; global_colors_info=&#8221;{}&#8221;][et_pb_column type=&#8221;4_4&#8243; admin_label=&#8221;Columna&#8221; _builder_version=&#8221;4.20.0&#8243; _module_preset=&#8221;default&#8221; global_colors_info=&#8221;{}&#8221;][et_pb_shop type=&#8221;latest&#8221; posts_number=&#8221;5&#8243; columns_number=&#8221;5&#8243; show_price=&#8221;off&#8221; show_rating=&#8221;off&#8221; show_sale_badge=&#8221;off&#8221; _builder_version=&#8221;4.24.0&#8243; _module_preset=&#8221;default&#8221; title_font_size=&#8221;21px&#8221; global_colors_info=&#8221;{}&#8221;][\/et_pb_shop][et_pb_button button_url=&#8221;https:\/\/olivapalacios.es\/productos\/&#8221; button_text=&#8221;VOIR TOUS&#8221; button_alignment=&#8221;center&#8221; _builder_version=&#8221;4.24.0&#8243; _module_preset=&#8221;default&#8221; custom_button=&#8221;on&#8221; button_text_color=&#8221;#000000&#8243; button_bg_color=&#8221;#E09900&#8243; button_border_width=&#8221;0px&#8221; button_letter_spacing=&#8221;0px&#8221; hover_enabled=&#8221;0&#8243; global_colors_info=&#8221;{}&#8221; sticky_enabled=&#8221;0&#8243;][\/et_pb_button][\/et_pb_column][\/et_pb_row][\/et_pb_section][et_pb_section fb_built=&#8221;1&#8243; _builder_version=&#8221;4.20.0&#8243; _module_preset=&#8221;default&#8221; background_color=&#8221;#000000&#8243; custom_margin=&#8221;-2px||-84px|||&#8221; custom_padding=&#8221;16px||65px|||&#8221; collapsed=&#8221;off&#8221; global_colors_info=&#8221;{}&#8221;][et_pb_row _builder_version=&#8221;4.20.0&#8243; _module_preset=&#8221;default&#8221; background_color=&#8221;RGBA(255,255,255,0)&#8221; max_width=&#8221;1362px&#8221; custom_margin=&#8221;13px|auto||auto||&#8221; global_colors_info=&#8221;{}&#8221;][et_pb_column type=&#8221;4_4&#8243; _builder_version=&#8221;4.16&#8243; _module_preset=&#8221;default&#8221; global_colors_info=&#8221;{}&#8221;][et_pb_cta title=&#8221;Prix&#8221; admin_label=&#8221;Llamada a la acci\u00f3n&#8221; _builder_version=&#8221;4.24.0&#8243; _module_preset=&#8221;default&#8221; header_font=&#8221;Qwitcher Grypen||||||||&#8221; header_font_size=&#8221;85px&#8221; body_text_align=&#8221;left&#8221; hover_enabled=&#8221;0&#8243; global_colors_info=&#8221;{}&#8221; sticky_enabled=&#8221;0&#8243;]<\/p>\n<p>Nous avons positionn\u00e9 notre entreprise <strong>Olivapalacios<\/strong> et consolid\u00e9 notre AOVE <strong>Palacio de los Olivos<\/strong> comme r\u00e9f\u00e9rences dans le secteur de l&#8217;huile d&#8217;olive international.<\/p>\n<ul>\n<li>N\u00ba1 dans le classement EVOO <strong>World Ranking<\/strong>, en vari\u00e9t\u00e9 Picual : Campagnes 2016-17, 2017-18, 2018-19, 2019-20, 2021-22 et 2022-23.<\/li>\n<li>Prix Alimentos de Espa\u00f1a Meilleures Huiles d&#8217;Olive Extra Vierge Fruit\u00e9 Doux 2020 du Minist\u00e8re de l&#8217;Agriculture, de la P\u00eache et de l&#8217;Alimentation.<\/li>\n<\/ul>\n<p>[\/et_pb_cta][\/et_pb_column][\/et_pb_row][\/et_pb_section][et_pb_section fb_built=&#8221;1&#8243; _builder_version=&#8221;4.20.0&#8243; _module_preset=&#8221;default&#8221; background_color=&#8221;RGBA(255,255,255,0)&#8221; custom_margin=&#8221;-2px||-84px|||&#8221; custom_padding=&#8221;16px||65px|||&#8221; collapsed=&#8221;off&#8221; global_colors_info=&#8221;{}&#8221;][et_pb_row _builder_version=&#8221;4.24.0&#8243; _module_preset=&#8221;default&#8221; background_color=&#8221;#FFFFFF&#8221; max_width=&#8221;1362px&#8221; custom_margin=&#8221;-17px|auto|80px|auto|false|false&#8221; custom_padding=&#8221;0px||0px|30px|true|false&#8221; box_shadow_style=&#8221;preset2&#8243; global_colors_info=&#8221;{}&#8221;][et_pb_column type=&#8221;4_4&#8243; _builder_version=&#8221;4.16&#8243; _module_preset=&#8221;default&#8221; global_colors_info=&#8221;{}&#8221;][et_pb_image src=&#8221;https:\/\/olivapalacios.es\/wp-content\/uploads\/2023\/06\/Todos-los-premios-2023-1.png&#8221; title_text=&#8221;Todos los premios 2023&#8243; show_in_lightbox=&#8221;on&#8221; align=&#8221;center&#8221; force_fullwidth=&#8221;on&#8221; src_tablet=&#8221;https:\/\/olivapalacios.es\/wp-content\/uploads\/2023\/06\/Todos-los-premios-2023-1.png&#8221; src_phone=&#8221;https:\/\/olivapalacios.es\/wp-content\/uploads\/2023\/06\/Todos-los-premios-2023-1.png&#8221; src_last_edited=&#8221;on|phone&#8221; _builder_version=&#8221;4.24.0&#8243; _module_preset=&#8221;default&#8221; height_tablet=&#8221;&#8221; height_phone=&#8221;&#8221; height_last_edited=&#8221;on|desktop&#8221; hover_enabled=&#8221;0&#8243; global_colors_info=&#8221;{}&#8221; sticky_enabled=&#8221;0&#8243;][\/et_pb_image][\/et_pb_column][\/et_pb_row][\/et_pb_section]<\/p>\n","protected":false},"excerpt":{"rendered":"<p>Classement Mondial N\u00b01 pendant 7 ann\u00e9es cons\u00e9cutives (Vari\u00e9t\u00e9 Picual) Dans notre ferme Los Palacios Almagro, Ciudad Real &nbsp; Producci\u00f3n Propia Olivar sostenible y respetuoso con el medio ambiente Olivapalacios, S.L. es una empresa familiar dedicada a la producci\u00f3n y envasado de Aceite de Oliva Virgen Extra (AOVE) de alta calidad. Nuestros olivares y almazara se [&hellip;]<\/p>\n","protected":false},"author":2,"featured_media":0,"parent":0,"menu_order":0,"comment_status":"closed","ping_status":"closed","template":"","meta":{"_et_pb_use_builder":"on","_et_pb_old_content":"","_et_gb_content_width":"","footnotes":""},"class_list":["post-11026","page","type-page","status-publish","hentry"],"yoast_head":"<!-- This site is optimized with the Yoast SEO plugin v27.5 - https:\/\/yoast.com\/product\/yoast-seo-wordpress\/ -->\n<title>Palacio de los Olivos - Olivapalacios<\/title>\n<meta name=\"robots\" content=\"index, follow, max-snippet:-1, max-image-preview:large, max-video-preview:-1\" \/>\n<link rel=\"canonical\" href=\"https:\/\/olivapalacios.es\/en\/palacio-de-los-olivos-2\/\" \/>\n<meta property=\"og:locale\" content=\"en_US\" \/>\n<meta property=\"og:type\" content=\"article\" \/>\n<meta property=\"og:title\" content=\"Palacio de los Olivos - Olivapalacios\" \/>\n<meta property=\"og:description\" content=\"Classement Mondial N\u00b01 pendant 7 ann\u00e9es cons\u00e9cutives (Vari\u00e9t\u00e9 Picual) Dans notre ferme Los Palacios Almagro, Ciudad Real &nbsp; Producci\u00f3n Propia Olivar sostenible y respetuoso con el medio ambiente Olivapalacios, S.L. es una empresa familiar dedicada a la producci\u00f3n y envasado de Aceite de Oliva Virgen Extra (AOVE) de alta calidad. Nuestros olivares y almazara se [&hellip;]\" \/>\n<meta property=\"og:url\" content=\"https:\/\/olivapalacios.es\/en\/palacio-de-los-olivos-2\/\" \/>\n<meta property=\"og:site_name\" content=\"Olivapalacios\" \/>\n<meta property=\"article:publisher\" content=\"https:\/\/www.facebook.com\/Palaciodelosolivos\/\" \/>\n<meta property=\"article:modified_time\" content=\"2024-03-15T10:52:22+00:00\" \/>\n<meta property=\"og:image\" content=\"https:\/\/olivapalacios.es\/wp-content\/uploads\/2024\/02\/Premio-Alimentos-de-Espana-2020-Picual.png\" \/>\n<meta name=\"twitter:card\" content=\"summary_large_image\" \/>\n<meta name=\"twitter:site\" content=\"@olivapalacios\" \/>\n<meta name=\"twitter:label1\" content=\"Est. reading time\" \/>\n\t<meta name=\"twitter:data1\" content=\"8 minutes\" \/>\n<script type=\"application\/ld+json\" class=\"yoast-schema-graph\">{\"@context\":\"https:\\\/\\\/schema.org\",\"@graph\":[{\"@type\":\"WebPage\",\"@id\":\"https:\\\/\\\/olivapalacios.es\\\/en\\\/palacio-de-los-olivos-2\\\/\",\"url\":\"https:\\\/\\\/olivapalacios.es\\\/en\\\/palacio-de-los-olivos-2\\\/\",\"name\":\"Palacio de los Olivos - Olivapalacios\",\"isPartOf\":{\"@id\":\"https:\\\/\\\/olivapalacios.es\\\/#website\"},\"primaryImageOfPage\":{\"@id\":\"https:\\\/\\\/olivapalacios.es\\\/en\\\/palacio-de-los-olivos-2\\\/#primaryimage\"},\"image\":{\"@id\":\"https:\\\/\\\/olivapalacios.es\\\/en\\\/palacio-de-los-olivos-2\\\/#primaryimage\"},\"thumbnailUrl\":\"https:\\\/\\\/olivapalacios.es\\\/wp-content\\\/uploads\\\/2024\\\/02\\\/Premio-Alimentos-de-Espana-2020-Picual.png\",\"datePublished\":\"2024-03-13T12:52:03+00:00\",\"dateModified\":\"2024-03-15T10:52:22+00:00\",\"breadcrumb\":{\"@id\":\"https:\\\/\\\/olivapalacios.es\\\/en\\\/palacio-de-los-olivos-2\\\/#breadcrumb\"},\"inLanguage\":\"en-US\",\"potentialAction\":[{\"@type\":\"ReadAction\",\"target\":[\"https:\\\/\\\/olivapalacios.es\\\/en\\\/palacio-de-los-olivos-2\\\/\"]}]},{\"@type\":\"ImageObject\",\"inLanguage\":\"en-US\",\"@id\":\"https:\\\/\\\/olivapalacios.es\\\/en\\\/palacio-de-los-olivos-2\\\/#primaryimage\",\"url\":\"https:\\\/\\\/olivapalacios.es\\\/wp-content\\\/uploads\\\/2024\\\/02\\\/Premio-Alimentos-de-Espana-2020-Picual.png\",\"contentUrl\":\"https:\\\/\\\/olivapalacios.es\\\/wp-content\\\/uploads\\\/2024\\\/02\\\/Premio-Alimentos-de-Espana-2020-Picual.png\"},{\"@type\":\"BreadcrumbList\",\"@id\":\"https:\\\/\\\/olivapalacios.es\\\/en\\\/palacio-de-los-olivos-2\\\/#breadcrumb\",\"itemListElement\":[{\"@type\":\"ListItem\",\"position\":1,\"name\":\"Portada\",\"item\":\"https:\\\/\\\/olivapalacios.es\\\/en\\\/\"},{\"@type\":\"ListItem\",\"position\":2,\"name\":\"Palacio de los Olivos\"}]},{\"@type\":\"WebSite\",\"@id\":\"https:\\\/\\\/olivapalacios.es\\\/#website\",\"url\":\"https:\\\/\\\/olivapalacios.es\\\/\",\"name\":\"Olivapalacios\",\"description\":\"Palacio de Los Olivos, Aceite de Oliva Virgen Extra\",\"publisher\":{\"@id\":\"https:\\\/\\\/olivapalacios.es\\\/#organization\"},\"potentialAction\":[{\"@type\":\"SearchAction\",\"target\":{\"@type\":\"EntryPoint\",\"urlTemplate\":\"https:\\\/\\\/olivapalacios.es\\\/?s={search_term_string}\"},\"query-input\":{\"@type\":\"PropertyValueSpecification\",\"valueRequired\":true,\"valueName\":\"search_term_string\"}}],\"inLanguage\":\"en-US\"},{\"@type\":\"Organization\",\"@id\":\"https:\\\/\\\/olivapalacios.es\\\/#organization\",\"name\":\"Olivapalacios\",\"url\":\"https:\\\/\\\/olivapalacios.es\\\/\",\"logo\":{\"@type\":\"ImageObject\",\"inLanguage\":\"en-US\",\"@id\":\"https:\\\/\\\/olivapalacios.es\\\/#\\\/schema\\\/logo\\\/image\\\/\",\"url\":\"https:\\\/\\\/olivapalacios.es\\\/wp-content\\\/uploads\\\/2018\\\/06\\\/Logo_150-2.jpg\",\"contentUrl\":\"https:\\\/\\\/olivapalacios.es\\\/wp-content\\\/uploads\\\/2018\\\/06\\\/Logo_150-2.jpg\",\"width\":150,\"height\":143,\"caption\":\"Olivapalacios\"},\"image\":{\"@id\":\"https:\\\/\\\/olivapalacios.es\\\/#\\\/schema\\\/logo\\\/image\\\/\"},\"sameAs\":[\"https:\\\/\\\/www.facebook.com\\\/Palaciodelosolivos\\\/\",\"https:\\\/\\\/x.com\\\/olivapalacios\",\"https:\\\/\\\/www.instagram.com\\\/palaciodelosolivos\\\/\"]}]}<\/script>\n<!-- \/ Yoast SEO plugin. -->","yoast_head_json":{"title":"Palacio de los Olivos - Olivapalacios","robots":{"index":"index","follow":"follow","max-snippet":"max-snippet:-1","max-image-preview":"max-image-preview:large","max-video-preview":"max-video-preview:-1"},"canonical":"https:\/\/olivapalacios.es\/en\/palacio-de-los-olivos-2\/","og_locale":"en_US","og_type":"article","og_title":"Palacio de los Olivos - Olivapalacios","og_description":"Classement Mondial N\u00b01 pendant 7 ann\u00e9es cons\u00e9cutives (Vari\u00e9t\u00e9 Picual) Dans notre ferme Los Palacios Almagro, Ciudad Real &nbsp; Producci\u00f3n Propia Olivar sostenible y respetuoso con el medio ambiente Olivapalacios, S.L. es una empresa familiar dedicada a la producci\u00f3n y envasado de Aceite de Oliva Virgen Extra (AOVE) de alta calidad. Nuestros olivares y almazara se [&hellip;]","og_url":"https:\/\/olivapalacios.es\/en\/palacio-de-los-olivos-2\/","og_site_name":"Olivapalacios","article_publisher":"https:\/\/www.facebook.com\/Palaciodelosolivos\/","article_modified_time":"2024-03-15T10:52:22+00:00","og_image":[{"url":"https:\/\/olivapalacios.es\/wp-content\/uploads\/2024\/02\/Premio-Alimentos-de-Espana-2020-Picual.png","type":"","width":"","height":""}],"twitter_card":"summary_large_image","twitter_site":"@olivapalacios","twitter_misc":{"Est. reading time":"8 minutes"},"schema":{"@context":"https:\/\/schema.org","@graph":[{"@type":"WebPage","@id":"https:\/\/olivapalacios.es\/en\/palacio-de-los-olivos-2\/","url":"https:\/\/olivapalacios.es\/en\/palacio-de-los-olivos-2\/","name":"Palacio de los Olivos - Olivapalacios","isPartOf":{"@id":"https:\/\/olivapalacios.es\/#website"},"primaryImageOfPage":{"@id":"https:\/\/olivapalacios.es\/en\/palacio-de-los-olivos-2\/#primaryimage"},"image":{"@id":"https:\/\/olivapalacios.es\/en\/palacio-de-los-olivos-2\/#primaryimage"},"thumbnailUrl":"https:\/\/olivapalacios.es\/wp-content\/uploads\/2024\/02\/Premio-Alimentos-de-Espana-2020-Picual.png","datePublished":"2024-03-13T12:52:03+00:00","dateModified":"2024-03-15T10:52:22+00:00","breadcrumb":{"@id":"https:\/\/olivapalacios.es\/en\/palacio-de-los-olivos-2\/#breadcrumb"},"inLanguage":"en-US","potentialAction":[{"@type":"ReadAction","target":["https:\/\/olivapalacios.es\/en\/palacio-de-los-olivos-2\/"]}]},{"@type":"ImageObject","inLanguage":"en-US","@id":"https:\/\/olivapalacios.es\/en\/palacio-de-los-olivos-2\/#primaryimage","url":"https:\/\/olivapalacios.es\/wp-content\/uploads\/2024\/02\/Premio-Alimentos-de-Espana-2020-Picual.png","contentUrl":"https:\/\/olivapalacios.es\/wp-content\/uploads\/2024\/02\/Premio-Alimentos-de-Espana-2020-Picual.png"},{"@type":"BreadcrumbList","@id":"https:\/\/olivapalacios.es\/en\/palacio-de-los-olivos-2\/#breadcrumb","itemListElement":[{"@type":"ListItem","position":1,"name":"Portada","item":"https:\/\/olivapalacios.es\/en\/"},{"@type":"ListItem","position":2,"name":"Palacio de los Olivos"}]},{"@type":"WebSite","@id":"https:\/\/olivapalacios.es\/#website","url":"https:\/\/olivapalacios.es\/","name":"Olivapalacios","description":"Palacio de Los Olivos, Aceite de Oliva Virgen Extra","publisher":{"@id":"https:\/\/olivapalacios.es\/#organization"},"potentialAction":[{"@type":"SearchAction","target":{"@type":"EntryPoint","urlTemplate":"https:\/\/olivapalacios.es\/?s={search_term_string}"},"query-input":{"@type":"PropertyValueSpecification","valueRequired":true,"valueName":"search_term_string"}}],"inLanguage":"en-US"},{"@type":"Organization","@id":"https:\/\/olivapalacios.es\/#organization","name":"Olivapalacios","url":"https:\/\/olivapalacios.es\/","logo":{"@type":"ImageObject","inLanguage":"en-US","@id":"https:\/\/olivapalacios.es\/#\/schema\/logo\/image\/","url":"https:\/\/olivapalacios.es\/wp-content\/uploads\/2018\/06\/Logo_150-2.jpg","contentUrl":"https:\/\/olivapalacios.es\/wp-content\/uploads\/2018\/06\/Logo_150-2.jpg","width":150,"height":143,"caption":"Olivapalacios"},"image":{"@id":"https:\/\/olivapalacios.es\/#\/schema\/logo\/image\/"},"sameAs":["https:\/\/www.facebook.com\/Palaciodelosolivos\/","https:\/\/x.com\/olivapalacios","https:\/\/www.instagram.com\/palaciodelosolivos\/"]}]}},"_links":{"self":[{"href":"https:\/\/olivapalacios.es\/en\/wp-json\/wp\/v2\/pages\/11026","targetHints":{"allow":["GET"]}}],"collection":[{"href":"https:\/\/olivapalacios.es\/en\/wp-json\/wp\/v2\/pages"}],"about":[{"href":"https:\/\/olivapalacios.es\/en\/wp-json\/wp\/v2\/types\/page"}],"author":[{"embeddable":true,"href":"https:\/\/olivapalacios.es\/en\/wp-json\/wp\/v2\/users\/2"}],"replies":[{"embeddable":true,"href":"https:\/\/olivapalacios.es\/en\/wp-json\/wp\/v2\/comments?post=11026"}],"version-history":[{"count":0,"href":"https:\/\/olivapalacios.es\/en\/wp-json\/wp\/v2\/pages\/11026\/revisions"}],"wp:attachment":[{"href":"https:\/\/olivapalacios.es\/en\/wp-json\/wp\/v2\/media?parent=11026"}],"curies":[{"name":"wp","href":"https:\/\/api.w.org\/{rel}","templated":true}]}}